{"id":82,"date":"2023-02-14T11:18:00","date_gmt":"2023-02-14T10:18:00","guid":{"rendered":"https:\/\/comalamaison03-appli.fr\/JeunesEuropeensLorraine\/?page_id=82"},"modified":"2023-03-22T14:54:15","modified_gmt":"2023-03-22T13:54:15","slug":"les-membres-du-conseil-dadministration","status":"publish","type":"page","link":"https:\/\/comalamaison03-appli.fr\/JeunesEuropeensLorraine\/les-membres-du-conseil-dadministration\/","title":{"rendered":"Le Conseil d\u2019Administration"},"content":{"rendered":"\t\t<div data-elementor-type=\"wp-page\" data-elementor-id=\"82\" class=\"elementor elementor-82\">\n\t\t\t\t\t\t\t\t\t<section class=\"elementor-section elementor-top-section elementor-element elementor-element-d3083ea elementor-section-boxed elementor-section-height-default elementor-section-height-default\" data-id=\"d3083ea\" data-element_type=\"section\">\n\t\t\t\t\t\t<div class=\"elementor-container elementor-column-gap-default\">\n\t\t\t\t\t<div class=\"elementor-column elementor-col-100 elementor-top-column elementor-element elementor-element-12131d49\" data-id=\"12131d49\" data-element_type=\"column\">\n\t\t\t<div class=\"elementor-widget-wrap elementor-element-populated\">\n\t\t\t\t\t\t\t\t<div class=\"elementor-element elementor-element-4e9a8e3 elementor-widget elementor-widget-heading\" data-id=\"4e9a8e3\" data-element_type=\"widget\" data-widget_type=\"heading.default\">\n\t\t\t\t<div class=\"elementor-widget-container\">\n\t\t\t<h2 class=\"elementor-heading-title elementor-size-default\">Le Conseil d\u2019administration<\/h2>\t\t<\/div>\n\t\t\t\t<\/div>\n\t\t\t\t<div class=\"elementor-element elementor-element-7750333b elementor-widget-divider--view-line elementor-widget elementor-widget-divider\" data-id=\"7750333b\" data-element_type=\"widget\" data-widget_type=\"divider.default\">\n\t\t\t\t<div class=\"elementor-widget-container\">\n\t\t\t\t\t<div class=\"elementor-divider\">\n\t\t\t<span class=\"elementor-divider-separator\">\n\t\t\t\t\t\t<\/span>\n\t\t<\/div>\n\t\t\t\t<\/div>\n\t\t\t\t<\/div>\n\t\t\t\t\t<\/div>\n\t\t<\/div>\n\t\t\t\t\t\t\t<\/div>\n\t\t<\/section>\n\t\t\t\t<section class=\"elementor-section elementor-top-section elementor-element elementor-element-7022faa2 elementor-section-boxed elementor-section-height-default elementor-section-height-default\" data-id=\"7022faa2\" data-element_type=\"section\">\n\t\t\t\t\t\t<div class=\"elementor-container elementor-column-gap-wider\">\n\t\t\t\t\t<div class=\"elementor-column elementor-col-50 elementor-top-column elementor-element elementor-element-6ddf3995\" data-id=\"6ddf3995\" data-element_type=\"column\">\n\t\t\t<div class=\"elementor-widget-wrap elementor-element-populated\">\n\t\t\t\t\t\t\t\t<div class=\"elementor-element elementor-element-13e23f1f elementor-widget elementor-widget-image\" data-id=\"13e23f1f\" data-element_type=\"widget\" data-widget_type=\"image.default\">\n\t\t\t\t<div class=\"elementor-widget-container\">\n\t\t\t\t\t\t\t\t\t\t\t\t\t\t\t\t<a href=\"https:\/\/comalamaison03-appli.fr\/JeunesEuropeensLorraine\/wp-content\/uploads\/2023\/03\/CA-des-JE-Lorraine-2022-23.png\" data-elementor-open-lightbox=\"yes\" data-elementor-lightbox-title=\"CA des JE Lorraine 2022-23\" data-e-action-hash=\"#elementor-action%3Aaction%3Dlightbox%26settings%3DeyJpZCI6NDExLCJ1cmwiOiJodHRwczpcL1wvY29tYWxhbWFpc29uMDMtYXBwbGkuZnJcL0pldW5lc0V1cm9wZWVuc0xvcnJhaW5lXC93cC1jb250ZW50XC91cGxvYWRzXC8yMDIzXC8wM1wvQ0EtZGVzLUpFLUxvcnJhaW5lLTIwMjItMjMucG5nIn0%3D\">\n\t\t\t\t\t\t\t<img loading=\"lazy\" decoding=\"async\" width=\"648\" height=\"544\" src=\"https:\/\/comalamaison03-appli.fr\/JeunesEuropeensLorraine\/wp-content\/uploads\/2023\/03\/CA-des-JE-Lorraine-2022-23.png\" class=\"attachment-large size-large wp-image-411\" alt=\"\" srcset=\"https:\/\/comalamaison03-appli.fr\/JeunesEuropeensLorraine\/wp-content\/uploads\/2023\/03\/CA-des-JE-Lorraine-2022-23.png 648w, https:\/\/comalamaison03-appli.fr\/JeunesEuropeensLorraine\/wp-content\/uploads\/2023\/03\/CA-des-JE-Lorraine-2022-23-300x252.png 300w\" sizes=\"auto, (max-width: 648px) 100vw, 648px\" \/>\t\t\t\t\t\t\t\t<\/a>\n\t\t\t\t\t\t\t\t\t\t\t\t\t\t\t<\/div>\n\t\t\t\t<\/div>\n\t\t\t\t\t<\/div>\n\t\t<\/div>\n\t\t\t\t<div class=\"elementor-column elementor-col-50 elementor-top-column elementor-element elementor-element-6d74c308\" data-id=\"6d74c308\" data-element_type=\"column\">\n\t\t\t<div class=\"elementor-widget-wrap elementor-element-populated\">\n\t\t\t\t\t\t\t\t<div class=\"elementor-element elementor-element-c6886d7 elementor-widget elementor-widget-heading\" data-id=\"c6886d7\" data-element_type=\"widget\" data-widget_type=\"heading.default\">\n\t\t\t\t<div class=\"elementor-widget-container\">\n\t\t\t<h2 class=\"elementor-heading-title elementor-size-default\">Faites connaissance <br>avec les 12 membres du CA <br>de cette mandature <br>2022-2023 ! <\/h2>\t\t<\/div>\n\t\t\t\t<\/div>\n\t\t\t\t<div class=\"elementor-element elementor-element-a597598 elementor-align-center elementor-invisible elementor-widget elementor-widget-the7_icon_widget\" data-id=\"a597598\" data-element_type=\"widget\" data-settings=\"{&quot;_animation&quot;:&quot;fadeInDown&quot;}\" data-widget_type=\"the7_icon_widget.default\">\n\t\t\t\t<div class=\"elementor-widget-container\">\n\t\t\t<div class=\"the7-icon-wrapper the7-elementor-widget\"><div class=\"elementor-icon\"><i aria-hidden=\"true\" class=\"far fa-arrow-alt-circle-down\"><\/i><\/div><\/div>\t\t<\/div>\n\t\t\t\t<\/div>\n\t\t\t\t\t<\/div>\n\t\t<\/div>\n\t\t\t\t\t\t\t<\/div>\n\t\t<\/section>\n\t\t\t\t<section class=\"elementor-section elementor-top-section elementor-element elementor-element-129f34c elementor-section-boxed elementor-section-height-default elementor-section-height-default\" data-id=\"129f34c\" data-element_type=\"section\">\n\t\t\t\t\t\t<div class=\"elementor-container elementor-column-gap-default\">\n\t\t\t\t\t<div class=\"elementor-column elementor-col-50 elementor-top-column elementor-element elementor-element-016e55c\" data-id=\"016e55c\" data-element_type=\"column\">\n\t\t\t<div class=\"elementor-widget-wrap elementor-element-populated\">\n\t\t\t\t\t\t\t\t<div class=\"elementor-element elementor-element-93d774e elementor-widget elementor-widget-premium-addon-person\" data-id=\"93d774e\" data-element_type=\"widget\" data-widget_type=\"premium-addon-person.default\">\n\t\t\t\t<div class=\"elementor-widget-container\">\n\t\t\t\t\t<div class=\"premium-persons-container premium-person-style1\">\r\n\t\t\t\t\t\t<div class=\"premium-person-container premium-person-none-effect\">\r\n\t\t\t\t<div class=\"premium-person-image-container\">\r\n\t\t\t\t\t<img loading=\"lazy\" decoding=\"async\" width=\"1080\" height=\"1080\" src=\"https:\/\/comalamaison03-appli.fr\/JeunesEuropeensLorraine\/wp-content\/uploads\/2023\/03\/CA_Erwan-LAURENT.png\" class=\"attachment-full size-full wp-image-413\" alt=\"\" srcset=\"https:\/\/comalamaison03-appli.fr\/JeunesEuropeensLorraine\/wp-content\/uploads\/2023\/03\/CA_Erwan-LAURENT.png 1080w, https:\/\/comalamaison03-appli.fr\/JeunesEuropeensLorraine\/wp-content\/uploads\/2023\/03\/CA_Erwan-LAURENT-300x300.png 300w, https:\/\/comalamaison03-appli.fr\/JeunesEuropeensLorraine\/wp-content\/uploads\/2023\/03\/CA_Erwan-LAURENT-1024x1024.png 1024w, https:\/\/comalamaison03-appli.fr\/JeunesEuropeensLorraine\/wp-content\/uploads\/2023\/03\/CA_Erwan-LAURENT-150x150.png 150w, https:\/\/comalamaison03-appli.fr\/JeunesEuropeensLorraine\/wp-content\/uploads\/2023\/03\/CA_Erwan-LAURENT-768x768.png 768w\" sizes=\"auto, (max-width: 1080px) 100vw, 1080px\" \/>\t\t\t\t\t\t\t\t\t<\/div>\r\n\t\t\t\t<div class=\"premium-person-info\">\r\n\t\t\t\t\t\t\t\t<div class=\"premium-person-info-container\">\r\n\t\t\t\t\t\t\t\t\t\t<p class=\"premium-person-title\">\r\n\t\t\t\t\t\t\t<span>Erwan LAURENT<\/span>\r\n\t\t\t\t\t\t<\/p>\r\n\t\t\t\t\t\t\t\t\t\t\t<div class=\"premium-person-content\">\r\n\t\t\t\t\t\t\t<p><span style=\"color: #ffffff;\">\u00c2g\u00e9 de 19 ans et \u00e9tudiant en 2e ann\u00e9e \u00e0 Sciences Po Nancy en double dipl\u00f4me avec la Freie Universit\u00e4t Berlin, Erwan est aussi engag\u00e9 \u00e0 l\u2019<a style=\"color: #ffffff;\" href=\"https:\/\/www.ofaj.org\/\" target=\"_blank\" rel=\"noopener\">Office franco-allemand pour la jeunesse<\/a> depuis plus de deux ans !<\/span><\/p><p><span style=\"color: #ffffff;\">Pour lui, l\u2019UE c\u2019est donc une \u00e9vidence, mais il sait que ce n\u2019est pas le cas pour tout le monde.<\/span><\/p><p><span style=\"color: #ffffff;\">C\u2019est pourquoi, il a voulu s\u2019engager pour informer, sensibiliser et promouvoir cette Europe \u00e0 laquelle il croit si fort. A son avis, la p\u00e9dagogie est la meilleure arme dont nous disposons pour remettre l\u2019UE \u00e0 la port\u00e9e de tous les citoyens.<\/span><\/p><p><span style=\"color: #ffffff;\">Pour Erwan, la guerre en Ukraine nous rappelle \u00e9galement que la mission doit \u00eatre permanente: \u00ab nous aurons toujours \u00e0 nous battre pour d\u00e9fendre les valeurs europ\u00e9ennes de paix et de d\u00e9mocratie auxquelles nous croyons \u00bb<\/span><\/p><p><span style=\"color: #ffffff;\">Pour le contacter : <a style=\"color: #ffffff;\" href=\"mailto:erwan.laurent@je-lorraine.org\" target=\"_blank\" rel=\"noopener\">erwan.laurent@je-lorraine.org<\/a><\/span><\/p>\t\t\t\t\t\t<\/div>\r\n\t\t\t\t\t\t\t\t<\/div>\r\n\t\t\t\t\t\t\t<\/div>\r\n\t\t\t<\/div>\r\n\t\t\t\t\t\t<\/div>\r\n\t\t\t\t<\/div>\n\t\t\t\t<\/div>\n\t\t\t\t\t<\/div>\n\t\t<\/div>\n\t\t\t\t<div class=\"elementor-column elementor-col-50 elementor-top-column elementor-element elementor-element-7b1865f\" data-id=\"7b1865f\" data-element_type=\"column\">\n\t\t\t<div class=\"elementor-widget-wrap elementor-element-populated\">\n\t\t\t\t\t\t\t\t<div class=\"elementor-element elementor-element-272627a elementor-widget elementor-widget-premium-addon-person\" data-id=\"272627a\" data-element_type=\"widget\" data-widget_type=\"premium-addon-person.default\">\n\t\t\t\t<div class=\"elementor-widget-container\">\n\t\t\t\t\t<div class=\"premium-persons-container premium-person-style1\">\r\n\t\t\t\t\t\t<div class=\"premium-person-container premium-person-none-effect\">\r\n\t\t\t\t<div class=\"premium-person-image-container\">\r\n\t\t\t\t\t<img loading=\"lazy\" decoding=\"async\" width=\"1080\" height=\"1080\" src=\"https:\/\/comalamaison03-appli.fr\/JeunesEuropeensLorraine\/wp-content\/uploads\/2023\/03\/CA_Elias-DAHOUN.png\" class=\"attachment-full size-full wp-image-444\" alt=\"\" srcset=\"https:\/\/comalamaison03-appli.fr\/JeunesEuropeensLorraine\/wp-content\/uploads\/2023\/03\/CA_Elias-DAHOUN.png 1080w, https:\/\/comalamaison03-appli.fr\/JeunesEuropeensLorraine\/wp-content\/uploads\/2023\/03\/CA_Elias-DAHOUN-300x300.png 300w, https:\/\/comalamaison03-appli.fr\/JeunesEuropeensLorraine\/wp-content\/uploads\/2023\/03\/CA_Elias-DAHOUN-1024x1024.png 1024w, https:\/\/comalamaison03-appli.fr\/JeunesEuropeensLorraine\/wp-content\/uploads\/2023\/03\/CA_Elias-DAHOUN-150x150.png 150w, https:\/\/comalamaison03-appli.fr\/JeunesEuropeensLorraine\/wp-content\/uploads\/2023\/03\/CA_Elias-DAHOUN-768x768.png 768w\" sizes=\"auto, (max-width: 1080px) 100vw, 1080px\" \/>\t\t\t\t\t\t\t\t\t<\/div>\r\n\t\t\t\t<div class=\"premium-person-info\">\r\n\t\t\t\t\t\t\t\t<div class=\"premium-person-info-container\">\r\n\t\t\t\t\t\t\t\t\t\t<p class=\"premium-person-title\">\r\n\t\t\t\t\t\t\t<span>Elias DAHOUN<\/span>\r\n\t\t\t\t\t\t<\/p>\r\n\t\t\t\t\t\t\t\t\t\t\t<div class=\"premium-person-content\">\r\n\t\t\t\t\t\t\t<p><span style=\"color: #ffffff;\">Originaire de Metz mais ayant grandi \u00e0 Nancy, Elias est passionn\u00e9 par l&rsquo;Europe et le transfrontalier. \u00c0 24 ans, il vient de finir ses \u00e9tudes, et a fait son entr\u00e9e dans la vie active !<\/span><\/p><p><span style=\"color: #ffffff;\">Il a adh\u00e9r\u00e9 aux Jeunes europ\u00e9ens il y a quelques ann\u00e9es d\u00e9j\u00e0, et a \u00e9t\u00e9 pendant deux ann\u00e9es cons\u00e9cutives vice-pr\u00e9sident des Jeunes Europ\u00e9ens &#8211; Lorraine avant d&rsquo;en devenir pr\u00e9sident en Juin 2021. Il est \u00e9galement passionn\u00e9 de th\u00e9\u00e2tre et de politique europ\u00e9enne \u00e9videmment.<\/span><\/p><p><span style=\"color: #ffffff;\">Pour le contacter : <a style=\"color: #ffffff;\" href=\"mailto:elias.dahoun@je-lorraine.org\">elias.dahoun@je-lorraine.org<\/a> <\/span><\/p>\t\t\t\t\t\t<\/div>\r\n\t\t\t\t\t\t\t\t<\/div>\r\n\t\t\t\t\t\t\t<\/div>\r\n\t\t\t<\/div>\r\n\t\t\t\t\t\t<\/div>\r\n\t\t\t\t<\/div>\n\t\t\t\t<\/div>\n\t\t\t\t\t<\/div>\n\t\t<\/div>\n\t\t\t\t\t\t\t<\/div>\n\t\t<\/section>\n\t\t\t\t<section class=\"elementor-section elementor-top-section elementor-element elementor-element-35712ae elementor-section-boxed elementor-section-height-default elementor-section-height-default\" data-id=\"35712ae\" data-element_type=\"section\">\n\t\t\t\t\t\t<div class=\"elementor-container elementor-column-gap-default\">\n\t\t\t\t\t<div class=\"elementor-column elementor-col-50 elementor-top-column elementor-element elementor-element-1528951\" data-id=\"1528951\" data-element_type=\"column\">\n\t\t\t<div class=\"elementor-widget-wrap elementor-element-populated\">\n\t\t\t\t\t\t\t\t<div class=\"elementor-element elementor-element-bdf9b93 elementor-widget elementor-widget-premium-addon-person\" data-id=\"bdf9b93\" data-element_type=\"widget\" data-widget_type=\"premium-addon-person.default\">\n\t\t\t\t<div class=\"elementor-widget-container\">\n\t\t\t\t\t<div class=\"premium-persons-container premium-person-style1\">\r\n\t\t\t\t\t\t<div class=\"premium-person-container premium-person-none-effect\">\r\n\t\t\t\t<div class=\"premium-person-image-container\">\r\n\t\t\t\t\t<img loading=\"lazy\" decoding=\"async\" width=\"1080\" height=\"1080\" src=\"https:\/\/comalamaison03-appli.fr\/JeunesEuropeensLorraine\/wp-content\/uploads\/2023\/03\/CA_Lou-Anne-HECKEL.png\" class=\"attachment-full size-full wp-image-455\" alt=\"\" srcset=\"https:\/\/comalamaison03-appli.fr\/JeunesEuropeensLorraine\/wp-content\/uploads\/2023\/03\/CA_Lou-Anne-HECKEL.png 1080w, https:\/\/comalamaison03-appli.fr\/JeunesEuropeensLorraine\/wp-content\/uploads\/2023\/03\/CA_Lou-Anne-HECKEL-300x300.png 300w, https:\/\/comalamaison03-appli.fr\/JeunesEuropeensLorraine\/wp-content\/uploads\/2023\/03\/CA_Lou-Anne-HECKEL-1024x1024.png 1024w, https:\/\/comalamaison03-appli.fr\/JeunesEuropeensLorraine\/wp-content\/uploads\/2023\/03\/CA_Lou-Anne-HECKEL-150x150.png 150w, https:\/\/comalamaison03-appli.fr\/JeunesEuropeensLorraine\/wp-content\/uploads\/2023\/03\/CA_Lou-Anne-HECKEL-768x768.png 768w\" sizes=\"auto, (max-width: 1080px) 100vw, 1080px\" \/>\t\t\t\t\t\t\t\t\t<\/div>\r\n\t\t\t\t<div class=\"premium-person-info\">\r\n\t\t\t\t\t\t\t\t<div class=\"premium-person-info-container\">\r\n\t\t\t\t\t\t\t\t\t\t<p class=\"premium-person-title\">\r\n\t\t\t\t\t\t\t<span>Lou-Anne HECKEL<\/span>\r\n\t\t\t\t\t\t<\/p>\r\n\t\t\t\t\t\t\t\t\t\t\t<div class=\"premium-person-content\">\r\n\t\t\t\t\t\t\t<p><span style=\"color: #ffffff;\">Lou-Anne, 19 ans, est originaire de Lorraine et \u00e9tudiante en L2 droit-\u00e9conomie \u00e0 Nancy.<\/span><\/p><p><span style=\"color: #ffffff;\">Elle a adh\u00e9r\u00e9 aux Jeunes europ\u00e9ens Lorraine car elle a envie de transmettre son enthousiasme pour l\u2019UE ! Elle est tr\u00e8s attach\u00e9e au projet europ\u00e9en, fi\u00e8re de celui-ci et souhaite continuer en ce sens en poussant davantage l\u2019int\u00e9gration europ\u00e9enne.<\/span><\/p><p><span style=\"color: #ffffff;\">Pour la contacter : <a style=\"color: #ffffff;\" href=\"mailto:louanne.heckel@je-lorraine.org\">louanne.heckel@je-lorraine.org<\/a> <\/span><\/p>\t\t\t\t\t\t<\/div>\r\n\t\t\t\t\t\t\t\t<\/div>\r\n\t\t\t\t\t\t\t<\/div>\r\n\t\t\t<\/div>\r\n\t\t\t\t\t\t<\/div>\r\n\t\t\t\t<\/div>\n\t\t\t\t<\/div>\n\t\t\t\t\t<\/div>\n\t\t<\/div>\n\t\t\t\t<div class=\"elementor-column elementor-col-50 elementor-top-column elementor-element elementor-element-511949f\" data-id=\"511949f\" data-element_type=\"column\">\n\t\t\t<div class=\"elementor-widget-wrap elementor-element-populated\">\n\t\t\t\t\t\t\t\t<div class=\"elementor-element elementor-element-0421e3d elementor-widget elementor-widget-premium-addon-person\" data-id=\"0421e3d\" data-element_type=\"widget\" data-widget_type=\"premium-addon-person.default\">\n\t\t\t\t<div class=\"elementor-widget-container\">\n\t\t\t\t\t<div class=\"premium-persons-container premium-person-style1\">\r\n\t\t\t\t\t\t<div class=\"premium-person-container premium-person-none-effect\">\r\n\t\t\t\t<div class=\"premium-person-image-container\">\r\n\t\t\t\t\t<img loading=\"lazy\" decoding=\"async\" width=\"1080\" height=\"1080\" src=\"https:\/\/comalamaison03-appli.fr\/JeunesEuropeensLorraine\/wp-content\/uploads\/2023\/03\/CA_Celia-COURTEIX.jpg\" class=\"attachment-full size-full wp-image-461\" alt=\"\" srcset=\"https:\/\/comalamaison03-appli.fr\/JeunesEuropeensLorraine\/wp-content\/uploads\/2023\/03\/CA_Celia-COURTEIX.jpg 1080w, https:\/\/comalamaison03-appli.fr\/JeunesEuropeensLorraine\/wp-content\/uploads\/2023\/03\/CA_Celia-COURTEIX-300x300.jpg 300w, https:\/\/comalamaison03-appli.fr\/JeunesEuropeensLorraine\/wp-content\/uploads\/2023\/03\/CA_Celia-COURTEIX-1024x1024.jpg 1024w, https:\/\/comalamaison03-appli.fr\/JeunesEuropeensLorraine\/wp-content\/uploads\/2023\/03\/CA_Celia-COURTEIX-150x150.jpg 150w, https:\/\/comalamaison03-appli.fr\/JeunesEuropeensLorraine\/wp-content\/uploads\/2023\/03\/CA_Celia-COURTEIX-768x768.jpg 768w\" sizes=\"auto, (max-width: 1080px) 100vw, 1080px\" \/>\t\t\t\t\t\t\t\t\t<\/div>\r\n\t\t\t\t<div class=\"premium-person-info\">\r\n\t\t\t\t\t\t\t\t<div class=\"premium-person-info-container\">\r\n\t\t\t\t\t\t\t\t\t\t<p class=\"premium-person-title\">\r\n\t\t\t\t\t\t\t<span>C\u00e9lia COURTEIX<\/span>\r\n\t\t\t\t\t\t<\/p>\r\n\t\t\t\t\t\t\t\t\t\t\t<div class=\"premium-person-content\">\r\n\t\t\t\t\t\t\t<p><span style=\"color: #ffffff;\">C\u00e9lia a 22 ans et \u00e9tudie en M1 litt\u00e9ratures et m\u00e9diations \u00e0 Metz.<\/span><\/p><p><span style=\"color: #ffffff;\">Elle a rejoint les JE-Lorraine il y a maintenant deux ans, afin de s&rsquo;engager pour sensibiliser les plus jeunes aux questions europ\u00e9ennes !<\/span><\/p><p><span style=\"color: #ffffff;\">Elle esp\u00e8re que ce mandat sera l&rsquo;occasion d&rsquo;aller dans ce sens en d\u00e9veloppant de nouveaux partenariats.<\/span><\/p><p><span style=\"color: #ffffff;\">Pour la contacter : <a style=\"color: #ffffff;\" href=\"mailto:celia.courteix@je-lorraine.org\" target=\"_blank\" rel=\"noopener\">celia.courteix@je-lorraine.org<\/a> <\/span><\/p>\t\t\t\t\t\t<\/div>\r\n\t\t\t\t\t\t\t\t<\/div>\r\n\t\t\t\t\t\t\t<\/div>\r\n\t\t\t<\/div>\r\n\t\t\t\t\t\t<\/div>\r\n\t\t\t\t<\/div>\n\t\t\t\t<\/div>\n\t\t\t\t\t<\/div>\n\t\t<\/div>\n\t\t\t\t\t\t\t<\/div>\n\t\t<\/section>\n\t\t\t\t<section class=\"elementor-section elementor-top-section elementor-element elementor-element-c67f09b elementor-section-boxed elementor-section-height-default elementor-section-height-default\" data-id=\"c67f09b\" data-element_type=\"section\">\n\t\t\t\t\t\t<div class=\"elementor-container elementor-column-gap-default\">\n\t\t\t\t\t<div class=\"elementor-column elementor-col-50 elementor-top-column elementor-element elementor-element-f850332\" data-id=\"f850332\" data-element_type=\"column\">\n\t\t\t<div class=\"elementor-widget-wrap elementor-element-populated\">\n\t\t\t\t\t\t\t\t<div class=\"elementor-element elementor-element-50b656d elementor-widget elementor-widget-premium-addon-person\" data-id=\"50b656d\" data-element_type=\"widget\" data-widget_type=\"premium-addon-person.default\">\n\t\t\t\t<div class=\"elementor-widget-container\">\n\t\t\t\t\t<div class=\"premium-persons-container premium-person-style1\">\r\n\t\t\t\t\t\t<div class=\"premium-person-container premium-person-none-effect\">\r\n\t\t\t\t<div class=\"premium-person-image-container\">\r\n\t\t\t\t\t<img loading=\"lazy\" decoding=\"async\" width=\"1080\" height=\"1080\" src=\"https:\/\/comalamaison03-appli.fr\/JeunesEuropeensLorraine\/wp-content\/uploads\/2023\/03\/CA_Juliette-LAUMONNIER.jpg\" class=\"attachment-full size-full wp-image-453\" alt=\"\" srcset=\"https:\/\/comalamaison03-appli.fr\/JeunesEuropeensLorraine\/wp-content\/uploads\/2023\/03\/CA_Juliette-LAUMONNIER.jpg 1080w, https:\/\/comalamaison03-appli.fr\/JeunesEuropeensLorraine\/wp-content\/uploads\/2023\/03\/CA_Juliette-LAUMONNIER-300x300.jpg 300w, https:\/\/comalamaison03-appli.fr\/JeunesEuropeensLorraine\/wp-content\/uploads\/2023\/03\/CA_Juliette-LAUMONNIER-1024x1024.jpg 1024w, https:\/\/comalamaison03-appli.fr\/JeunesEuropeensLorraine\/wp-content\/uploads\/2023\/03\/CA_Juliette-LAUMONNIER-150x150.jpg 150w, https:\/\/comalamaison03-appli.fr\/JeunesEuropeensLorraine\/wp-content\/uploads\/2023\/03\/CA_Juliette-LAUMONNIER-768x768.jpg 768w\" sizes=\"auto, (max-width: 1080px) 100vw, 1080px\" \/>\t\t\t\t\t\t\t\t\t<\/div>\r\n\t\t\t\t<div class=\"premium-person-info\">\r\n\t\t\t\t\t\t\t\t<div class=\"premium-person-info-container\">\r\n\t\t\t\t\t\t\t\t\t\t<p class=\"premium-person-title\">\r\n\t\t\t\t\t\t\t<span>Juliette LAUMONNIER<\/span>\r\n\t\t\t\t\t\t<\/p>\r\n\t\t\t\t\t\t\t\t\t\t\t<div class=\"premium-person-content\">\r\n\t\t\t\t\t\t\t<p><span style=\"color: #ffffff;\">Juliette a 22 ans et vient d\u2019Angers. Elle est en M2 Collectivit\u00e9s territoriales et Union europ\u00e9enne au Centre Europ\u00e9en Universitaire (CEU).<\/span><\/p><p><span style=\"color: #ffffff;\">Elle est membre des Jeunes Europ\u00e9ens &#8211; Lorraine depuis septembre 2021 et tr\u00e9sori\u00e8re depuis juin 2022. Elle souhaite faire conna\u00eetre le fonctionnement de l\u2019Union europ\u00e9enne et promouvoir la citoyennet\u00e9 europ\u00e9enne. Elle milite pour une Union forte et coh\u00e9rente, le meilleur futur pour l\u2019Europe selon elle.<\/span><\/p><p><span style=\"color: #ffffff;\">Durant son mandat, elle compte bien poursuivre ses fonctions de tr\u00e9sori\u00e8re et continuer \u00e0 porter les projets en cours.<\/span><\/p><p><span style=\"color: #ffffff;\">Pour la contacter : <a style=\"color: #ffffff;\" href=\"mailto:juliette.laumonnier@je-lorraine.org\" target=\"_blank\" rel=\"noopener\">juliette.laumonnier@je-lorraine.org<\/a><\/span><\/p>\t\t\t\t\t\t<\/div>\r\n\t\t\t\t\t\t\t\t<\/div>\r\n\t\t\t\t\t\t\t<\/div>\r\n\t\t\t<\/div>\r\n\t\t\t\t\t\t<\/div>\r\n\t\t\t\t<\/div>\n\t\t\t\t<\/div>\n\t\t\t\t\t<\/div>\n\t\t<\/div>\n\t\t\t\t<div class=\"elementor-column elementor-col-50 elementor-top-column elementor-element elementor-element-8a03804\" data-id=\"8a03804\" data-element_type=\"column\">\n\t\t\t<div class=\"elementor-widget-wrap elementor-element-populated\">\n\t\t\t\t\t\t\t\t<div class=\"elementor-element elementor-element-6248717 elementor-widget elementor-widget-premium-addon-person\" data-id=\"6248717\" data-element_type=\"widget\" data-widget_type=\"premium-addon-person.default\">\n\t\t\t\t<div class=\"elementor-widget-container\">\n\t\t\t\t\t<div class=\"premium-persons-container premium-person-style1\">\r\n\t\t\t\t\t\t<div class=\"premium-person-container premium-person-none-effect\">\r\n\t\t\t\t<div class=\"premium-person-image-container\">\r\n\t\t\t\t\t<img loading=\"lazy\" decoding=\"async\" width=\"1080\" height=\"1080\" src=\"https:\/\/comalamaison03-appli.fr\/JeunesEuropeensLorraine\/wp-content\/uploads\/2023\/03\/CA_Louise-LAFLOTTE.png\" class=\"attachment-full size-full wp-image-456\" alt=\"\" srcset=\"https:\/\/comalamaison03-appli.fr\/JeunesEuropeensLorraine\/wp-content\/uploads\/2023\/03\/CA_Louise-LAFLOTTE.png 1080w, https:\/\/comalamaison03-appli.fr\/JeunesEuropeensLorraine\/wp-content\/uploads\/2023\/03\/CA_Louise-LAFLOTTE-300x300.png 300w, https:\/\/comalamaison03-appli.fr\/JeunesEuropeensLorraine\/wp-content\/uploads\/2023\/03\/CA_Louise-LAFLOTTE-1024x1024.png 1024w, https:\/\/comalamaison03-appli.fr\/JeunesEuropeensLorraine\/wp-content\/uploads\/2023\/03\/CA_Louise-LAFLOTTE-150x150.png 150w, https:\/\/comalamaison03-appli.fr\/JeunesEuropeensLorraine\/wp-content\/uploads\/2023\/03\/CA_Louise-LAFLOTTE-768x768.png 768w\" sizes=\"auto, (max-width: 1080px) 100vw, 1080px\" \/>\t\t\t\t\t\t\t\t\t<\/div>\r\n\t\t\t\t<div class=\"premium-person-info\">\r\n\t\t\t\t\t\t\t\t<div class=\"premium-person-info-container\">\r\n\t\t\t\t\t\t\t\t\t\t<p class=\"premium-person-title\">\r\n\t\t\t\t\t\t\t<span>Louise LAFLOTTE<\/span>\r\n\t\t\t\t\t\t<\/p>\r\n\t\t\t\t\t\t\t\t\t\t\t<div class=\"premium-person-content\">\r\n\t\t\t\t\t\t\t<p><span style=\"color: #ffffff;\">Louise, 19 ans, est \u00e9tudiante en deuxi\u00e8me ann\u00e9e au Campus nanc\u00e9ien de Sciences Po.<\/span><\/p><p><span style=\"color: #ffffff;\">Elle a adh\u00e9r\u00e9 aux JE car elle a toujours \u00e9t\u00e9 int\u00e9ress\u00e9e par l&rsquo;Union europ\u00e9enne et ses institutions. En s\u2019engageant au sein de l\u2019asso, elle pense pouvoir d\u00e9fendre cette cause qui lui tient \u00e0 c\u0153ur et de retrouver une r\u00e9elle solidarit\u00e9 internationale.<\/span><\/p><p><span style=\"color: #ffffff;\">Pour la contacter : <a style=\"color: #ffffff;\" href=\"mailto:louise.laflotte@je-lorraine.org\">louise.laflotte@je-lorraine.org<\/a><\/span><\/p>\t\t\t\t\t\t<\/div>\r\n\t\t\t\t\t\t\t\t<\/div>\r\n\t\t\t\t\t\t\t<\/div>\r\n\t\t\t<\/div>\r\n\t\t\t\t\t\t<\/div>\r\n\t\t\t\t<\/div>\n\t\t\t\t<\/div>\n\t\t\t\t\t<\/div>\n\t\t<\/div>\n\t\t\t\t\t\t\t<\/div>\n\t\t<\/section>\n\t\t\t\t<section class=\"elementor-section elementor-top-section elementor-element elementor-element-80faa67 elementor-section-boxed elementor-section-height-default elementor-section-height-default\" data-id=\"80faa67\" data-element_type=\"section\">\n\t\t\t\t\t\t<div class=\"elementor-container elementor-column-gap-default\">\n\t\t\t\t\t<div class=\"elementor-column elementor-col-50 elementor-top-column elementor-element elementor-element-62d4ba7\" data-id=\"62d4ba7\" data-element_type=\"column\">\n\t\t\t<div class=\"elementor-widget-wrap elementor-element-populated\">\n\t\t\t\t\t\t\t\t<div class=\"elementor-element elementor-element-174eb3e elementor-widget elementor-widget-premium-addon-person\" data-id=\"174eb3e\" data-element_type=\"widget\" data-widget_type=\"premium-addon-person.default\">\n\t\t\t\t<div class=\"elementor-widget-container\">\n\t\t\t\t\t<div class=\"premium-persons-container premium-person-style1\">\r\n\t\t\t\t\t\t<div class=\"premium-person-container premium-person-none-effect\">\r\n\t\t\t\t<div class=\"premium-person-image-container\">\r\n\t\t\t\t\t<img loading=\"lazy\" decoding=\"async\" width=\"1080\" height=\"1080\" src=\"https:\/\/comalamaison03-appli.fr\/JeunesEuropeensLorraine\/wp-content\/uploads\/2023\/03\/CA_Romain-HOLLARD.png\" class=\"attachment-full size-full wp-image-459\" alt=\"\" srcset=\"https:\/\/comalamaison03-appli.fr\/JeunesEuropeensLorraine\/wp-content\/uploads\/2023\/03\/CA_Romain-HOLLARD.png 1080w, https:\/\/comalamaison03-appli.fr\/JeunesEuropeensLorraine\/wp-content\/uploads\/2023\/03\/CA_Romain-HOLLARD-300x300.png 300w, https:\/\/comalamaison03-appli.fr\/JeunesEuropeensLorraine\/wp-content\/uploads\/2023\/03\/CA_Romain-HOLLARD-1024x1024.png 1024w, https:\/\/comalamaison03-appli.fr\/JeunesEuropeensLorraine\/wp-content\/uploads\/2023\/03\/CA_Romain-HOLLARD-150x150.png 150w, https:\/\/comalamaison03-appli.fr\/JeunesEuropeensLorraine\/wp-content\/uploads\/2023\/03\/CA_Romain-HOLLARD-768x768.png 768w\" sizes=\"auto, (max-width: 1080px) 100vw, 1080px\" \/>\t\t\t\t\t\t\t\t\t<\/div>\r\n\t\t\t\t<div class=\"premium-person-info\">\r\n\t\t\t\t\t\t\t\t<div class=\"premium-person-info-container\">\r\n\t\t\t\t\t\t\t\t\t\t<p class=\"premium-person-title\">\r\n\t\t\t\t\t\t\t<span>Romain HOLLARD<\/span>\r\n\t\t\t\t\t\t<\/p>\r\n\t\t\t\t\t\t\t\t\t\t\t<div class=\"premium-person-content\">\r\n\t\t\t\t\t\t\t<p><span style=\"color: #ffffff;\">Romain est originaire d\u2019Angers, il a 23 ans et \u00e9tudie en deuxi\u00e8me ann\u00e9e de master d\u2019\u00c9tudes europ\u00e9ennes et internationales au Centre europ\u00e9en universitaire.<\/span><\/p><p><span style=\"color: #ffffff;\">Il est engag\u00e9 depuis un an aux JE Lorraine pour mettre en pratique son int\u00e9r\u00eat pour l\u2019Europe et participer aux projets de coop\u00e9ration et d\u2019information sur les enjeux europ\u00e9ens comme la d\u00e9mocratie, le dialogue transfrontalier et la culture.<\/span><\/p><p><span style=\"color: #ffffff;\">Pour lui, seule l\u2019union d\u00e9mocratique des peuples permettra de faire face aux crises g\u00e9opolitiques, d\u00e9fendre les droits humains et lutter contre le changement climatique.<\/span><\/p><p><span style=\"color: #ffffff;\">Il souhaite que la section Lorraine soit un moteur d\u2019initiatives militantes et p\u00e9dagogiques afin de continuer \u00e0 communiquer activement sur l\u2019Europe et ses valeurs.<\/span><\/p><p><span style=\"color: #ffffff;\">Pour le contacter : <a style=\"color: #ffffff;\" href=\"mailto:romain.hollard@je-lorraine.org\">romain.hollard@je-lorraine.org<\/a> <\/span><\/p>\t\t\t\t\t\t<\/div>\r\n\t\t\t\t\t\t\t\t<\/div>\r\n\t\t\t\t\t\t\t<\/div>\r\n\t\t\t<\/div>\r\n\t\t\t\t\t\t<\/div>\r\n\t\t\t\t<\/div>\n\t\t\t\t<\/div>\n\t\t\t\t\t<\/div>\n\t\t<\/div>\n\t\t\t\t<div class=\"elementor-column elementor-col-50 elementor-top-column elementor-element elementor-element-6ea3d23\" data-id=\"6ea3d23\" data-element_type=\"column\">\n\t\t\t<div class=\"elementor-widget-wrap elementor-element-populated\">\n\t\t\t\t\t\t\t\t<div class=\"elementor-element elementor-element-31a3949 elementor-widget elementor-widget-premium-addon-person\" data-id=\"31a3949\" data-element_type=\"widget\" data-widget_type=\"premium-addon-person.default\">\n\t\t\t\t<div class=\"elementor-widget-container\">\n\t\t\t\t\t<div class=\"premium-persons-container premium-person-style1\">\r\n\t\t\t\t\t\t<div class=\"premium-person-container premium-person-none-effect\">\r\n\t\t\t\t<div class=\"premium-person-image-container\">\r\n\t\t\t\t\t<img loading=\"lazy\" decoding=\"async\" width=\"1080\" height=\"1080\" src=\"https:\/\/comalamaison03-appli.fr\/JeunesEuropeensLorraine\/wp-content\/uploads\/2023\/03\/CA_Remi-MAUREL.png\" class=\"attachment-full size-full wp-image-458\" alt=\"\" srcset=\"https:\/\/comalamaison03-appli.fr\/JeunesEuropeensLorraine\/wp-content\/uploads\/2023\/03\/CA_Remi-MAUREL.png 1080w, https:\/\/comalamaison03-appli.fr\/JeunesEuropeensLorraine\/wp-content\/uploads\/2023\/03\/CA_Remi-MAUREL-300x300.png 300w, https:\/\/comalamaison03-appli.fr\/JeunesEuropeensLorraine\/wp-content\/uploads\/2023\/03\/CA_Remi-MAUREL-1024x1024.png 1024w, https:\/\/comalamaison03-appli.fr\/JeunesEuropeensLorraine\/wp-content\/uploads\/2023\/03\/CA_Remi-MAUREL-150x150.png 150w, https:\/\/comalamaison03-appli.fr\/JeunesEuropeensLorraine\/wp-content\/uploads\/2023\/03\/CA_Remi-MAUREL-768x768.png 768w\" sizes=\"auto, (max-width: 1080px) 100vw, 1080px\" \/>\t\t\t\t\t\t\t\t\t<\/div>\r\n\t\t\t\t<div class=\"premium-person-info\">\r\n\t\t\t\t\t\t\t\t<div class=\"premium-person-info-container\">\r\n\t\t\t\t\t\t\t\t\t\t<p class=\"premium-person-title\">\r\n\t\t\t\t\t\t\t<span>R\u00e9mi MAUREL<\/span>\r\n\t\t\t\t\t\t<\/p>\r\n\t\t\t\t\t\t\t\t\t\t\t<div class=\"premium-person-content\">\r\n\t\t\t\t\t\t\t<p><span style=\"color: #ffffff;\">R\u00e9mi a 22 ans, il est jeune commercial dans la communication digitale au Luxembourg.<\/span><\/p><p><span style=\"color: #ffffff;\">Il a adh\u00e9r\u00e9 \u00e0 l\u2019antenne Lorraine des Jeunes Europ\u00e9ens car il se sent profond\u00e9ment europ\u00e9en et qu&rsquo;il a envie de s\u2019investir pleinement dans les projets promouvant le projet europ\u00e9en.<\/span><\/p><p><span style=\"color: #ffffff;\">R\u00e9mi est tr\u00e8s attach\u00e9 aux valeurs europ\u00e9ennes qu&rsquo;il souhaite porter encore plus loin dans la prochaine mandature.<\/span><\/p><p><span style=\"color: #ffffff;\">Pour le contacter : <a style=\"color: #ffffff;\" href=\"mailto:remi.maurel@je-lorraine.org\">remi.maurel@je-lorraine.org<\/a> <\/span><\/p>\t\t\t\t\t\t<\/div>\r\n\t\t\t\t\t\t\t\t<\/div>\r\n\t\t\t\t\t\t\t<\/div>\r\n\t\t\t<\/div>\r\n\t\t\t\t\t\t<\/div>\r\n\t\t\t\t<\/div>\n\t\t\t\t<\/div>\n\t\t\t\t\t<\/div>\n\t\t<\/div>\n\t\t\t\t\t\t\t<\/div>\n\t\t<\/section>\n\t\t\t\t<section class=\"elementor-section elementor-top-section elementor-element elementor-element-d6d5d45 elementor-section-boxed elementor-section-height-default elementor-section-height-default\" data-id=\"d6d5d45\" data-element_type=\"section\">\n\t\t\t\t\t\t<div class=\"elementor-container elementor-column-gap-default\">\n\t\t\t\t\t<div class=\"elementor-column elementor-col-50 elementor-top-column elementor-element elementor-element-5d95a11\" data-id=\"5d95a11\" data-element_type=\"column\">\n\t\t\t<div class=\"elementor-widget-wrap elementor-element-populated\">\n\t\t\t\t\t\t\t\t<div class=\"elementor-element elementor-element-947c983 elementor-widget elementor-widget-premium-addon-person\" data-id=\"947c983\" data-element_type=\"widget\" data-widget_type=\"premium-addon-person.default\">\n\t\t\t\t<div class=\"elementor-widget-container\">\n\t\t\t\t\t<div class=\"premium-persons-container premium-person-style1\">\r\n\t\t\t\t\t\t<div class=\"premium-person-container premium-person-none-effect\">\r\n\t\t\t\t<div class=\"premium-person-image-container\">\r\n\t\t\t\t\t<img loading=\"lazy\" decoding=\"async\" width=\"1080\" height=\"1080\" src=\"https:\/\/comalamaison03-appli.fr\/JeunesEuropeensLorraine\/wp-content\/uploads\/2023\/03\/CA_Laura-ARCIDIACONE.jpg\" class=\"attachment-full size-full wp-image-454\" alt=\"\" srcset=\"https:\/\/comalamaison03-appli.fr\/JeunesEuropeensLorraine\/wp-content\/uploads\/2023\/03\/CA_Laura-ARCIDIACONE.jpg 1080w, https:\/\/comalamaison03-appli.fr\/JeunesEuropeensLorraine\/wp-content\/uploads\/2023\/03\/CA_Laura-ARCIDIACONE-300x300.jpg 300w, https:\/\/comalamaison03-appli.fr\/JeunesEuropeensLorraine\/wp-content\/uploads\/2023\/03\/CA_Laura-ARCIDIACONE-1024x1024.jpg 1024w, https:\/\/comalamaison03-appli.fr\/JeunesEuropeensLorraine\/wp-content\/uploads\/2023\/03\/CA_Laura-ARCIDIACONE-150x150.jpg 150w, https:\/\/comalamaison03-appli.fr\/JeunesEuropeensLorraine\/wp-content\/uploads\/2023\/03\/CA_Laura-ARCIDIACONE-768x768.jpg 768w\" sizes=\"auto, (max-width: 1080px) 100vw, 1080px\" \/>\t\t\t\t\t\t\t\t\t<\/div>\r\n\t\t\t\t<div class=\"premium-person-info\">\r\n\t\t\t\t\t\t\t\t<div class=\"premium-person-info-container\">\r\n\t\t\t\t\t\t\t\t\t\t<p class=\"premium-person-title\">\r\n\t\t\t\t\t\t\t<span>Laura ARCIDIACONE<\/span>\r\n\t\t\t\t\t\t<\/p>\r\n\t\t\t\t\t\t\t\t\t\t\t<div class=\"premium-person-content\">\r\n\t\t\t\t\t\t\t<p><span style=\"color: #ffffff;\">Laura est originaire de Lorraine, mais \u00e9galement d&rsquo;Irlande ! Elle est actuellement \u00e9tudiante en deuxi\u00e8me ann\u00e9e en double dipl\u00f4me entre Sciences Po Nancy et la Freie Universit\u00e4t de Berlin.<\/span><\/p><p><span style=\"color: #ffffff;\">Elle a rejoint les JE l&rsquo;ann\u00e9e derni\u00e8re parce que c\u2019est une europ\u00e9enne convaincue et souhaite sensibiliser un maximum de personnes sur ce beau projet qu\u2019est la construction europ\u00e9enne, notamment en organisant des conf\u00e9rences et une grande simulation des institutions de l\u2019UE, \u201cEurocosmos\u201d qui aura lieu en avril.<\/span><\/p><p><span style=\"color: #ffffff;\">Pour la contacter : <a style=\"color: #ffffff;\" href=\"mailto:laura.arcidiacone@je-lorraine.org\">laura.arcidiacone@je-lorraine.org<\/a> <\/span><\/p>\t\t\t\t\t\t<\/div>\r\n\t\t\t\t\t\t\t\t<\/div>\r\n\t\t\t\t\t\t\t<\/div>\r\n\t\t\t<\/div>\r\n\t\t\t\t\t\t<\/div>\r\n\t\t\t\t<\/div>\n\t\t\t\t<\/div>\n\t\t\t\t\t<\/div>\n\t\t<\/div>\n\t\t\t\t<div class=\"elementor-column elementor-col-50 elementor-top-column elementor-element elementor-element-865d6e9\" data-id=\"865d6e9\" data-element_type=\"column\">\n\t\t\t<div class=\"elementor-widget-wrap elementor-element-populated\">\n\t\t\t\t\t\t\t\t<div class=\"elementor-element elementor-element-eb93adf elementor-widget elementor-widget-premium-addon-person\" data-id=\"eb93adf\" data-element_type=\"widget\" data-widget_type=\"premium-addon-person.default\">\n\t\t\t\t<div class=\"elementor-widget-container\">\n\t\t\t\t\t<div class=\"premium-persons-container premium-person-style1\">\r\n\t\t\t\t\t\t<div class=\"premium-person-container premium-person-none-effect\">\r\n\t\t\t\t<div class=\"premium-person-image-container\">\r\n\t\t\t\t\t<img loading=\"lazy\" decoding=\"async\" width=\"1080\" height=\"1080\" src=\"https:\/\/comalamaison03-appli.fr\/JeunesEuropeensLorraine\/wp-content\/uploads\/2023\/03\/CA_Guillaume-BERTRAND.png\" class=\"attachment-full size-full wp-image-451\" alt=\"\" srcset=\"https:\/\/comalamaison03-appli.fr\/JeunesEuropeensLorraine\/wp-content\/uploads\/2023\/03\/CA_Guillaume-BERTRAND.png 1080w, https:\/\/comalamaison03-appli.fr\/JeunesEuropeensLorraine\/wp-content\/uploads\/2023\/03\/CA_Guillaume-BERTRAND-300x300.png 300w, https:\/\/comalamaison03-appli.fr\/JeunesEuropeensLorraine\/wp-content\/uploads\/2023\/03\/CA_Guillaume-BERTRAND-1024x1024.png 1024w, https:\/\/comalamaison03-appli.fr\/JeunesEuropeensLorraine\/wp-content\/uploads\/2023\/03\/CA_Guillaume-BERTRAND-150x150.png 150w, https:\/\/comalamaison03-appli.fr\/JeunesEuropeensLorraine\/wp-content\/uploads\/2023\/03\/CA_Guillaume-BERTRAND-768x768.png 768w\" sizes=\"auto, (max-width: 1080px) 100vw, 1080px\" \/>\t\t\t\t\t\t\t\t\t<\/div>\r\n\t\t\t\t<div class=\"premium-person-info\">\r\n\t\t\t\t\t\t\t\t<div class=\"premium-person-info-container\">\r\n\t\t\t\t\t\t\t\t\t\t<p class=\"premium-person-title\">\r\n\t\t\t\t\t\t\t<span>Guillaume BERTRAND<\/span>\r\n\t\t\t\t\t\t<\/p>\r\n\t\t\t\t\t\t\t\t\t\t\t<div class=\"premium-person-content\">\r\n\t\t\t\t\t\t\t<p><span style=\"color: #ffffff;\">Guillaume a 17 ans et vient de r\u00e9gion parisienne, mais \u00e9tudie suit actuellement le programme de Bachelor du campus nanc\u00e9ien de Sciences Po Paris.<\/span><\/p><p><span style=\"color: #ffffff;\">Il a d\u00e9cid\u00e9 de s\u2019engager aux Jeunes Europ\u00e9ens Lorraine pour continuer \u00e0 d\u00e9velopper son int\u00e9r\u00eat pour l\u2019Union Europ\u00e9enne, ancr\u00e9 en lui depuis de nombreuses ann\u00e9es.<\/span><\/p><p><span style=\"color: #ffffff;\">Il pense que s\u2019engager \u00e0 l\u2019antenne Lorraine des Jeunes Europ\u00e9ens et \u00ab plus globalement \u00e0 l\u2019ensemble du r\u00e9seau des JE, c\u2019est \u0153uvrer \u00e0 la prolongation d\u2019une v\u00e9ritable identit\u00e9 europ\u00e9enne, n\u00e9cessaire face aux d\u00e9fis de notre temps \u00bb. Il esp\u00e8re ainsi pouvoir d\u00e9fendre et garantir des valeurs qui lui sont ch\u00e8res, notamment la \u00ab solidarit\u00e9 et le pluriculturalisme \u00bb.<\/span><\/p><p><span style=\"color: #ffffff;\">Pour le contacter : <a style=\"color: #ffffff;\" href=\"mailto:guillaume.bertrand@je-lorraine.org\">guillaume.bertrand@je-lorraine.org<\/a> <\/span><\/p>\t\t\t\t\t\t<\/div>\r\n\t\t\t\t\t\t\t\t<\/div>\r\n\t\t\t\t\t\t\t<\/div>\r\n\t\t\t<\/div>\r\n\t\t\t\t\t\t<\/div>\r\n\t\t\t\t<\/div>\n\t\t\t\t<\/div>\n\t\t\t\t\t<\/div>\n\t\t<\/div>\n\t\t\t\t\t\t\t<\/div>\n\t\t<\/section>\n\t\t\t\t<section class=\"elementor-section elementor-top-section elementor-element elementor-element-2745043 elementor-section-boxed elementor-section-height-default elementor-section-height-default\" data-id=\"2745043\" data-element_type=\"section\">\n\t\t\t\t\t\t<div class=\"elementor-container elementor-column-gap-default\">\n\t\t\t\t\t<div class=\"elementor-column elementor-col-50 elementor-top-column elementor-element elementor-element-d4a7997\" data-id=\"d4a7997\" data-element_type=\"column\">\n\t\t\t<div class=\"elementor-widget-wrap elementor-element-populated\">\n\t\t\t\t\t\t\t\t<div class=\"elementor-element elementor-element-5b78635 elementor-widget elementor-widget-premium-addon-person\" data-id=\"5b78635\" data-element_type=\"widget\" data-widget_type=\"premium-addon-person.default\">\n\t\t\t\t<div class=\"elementor-widget-container\">\n\t\t\t\t\t<div class=\"premium-persons-container premium-person-style1\">\r\n\t\t\t\t\t\t<div class=\"premium-person-container premium-person-none-effect\">\r\n\t\t\t\t<div class=\"premium-person-image-container\">\r\n\t\t\t\t\t<img loading=\"lazy\" decoding=\"async\" width=\"828\" height=\"829\" src=\"https:\/\/comalamaison03-appli.fr\/JeunesEuropeensLorraine\/wp-content\/uploads\/2023\/03\/CA_Alice-LANGE.jpg\" class=\"attachment-full size-full wp-image-460\" alt=\"\" srcset=\"https:\/\/comalamaison03-appli.fr\/JeunesEuropeensLorraine\/wp-content\/uploads\/2023\/03\/CA_Alice-LANGE.jpg 828w, https:\/\/comalamaison03-appli.fr\/JeunesEuropeensLorraine\/wp-content\/uploads\/2023\/03\/CA_Alice-LANGE-300x300.jpg 300w, https:\/\/comalamaison03-appli.fr\/JeunesEuropeensLorraine\/wp-content\/uploads\/2023\/03\/CA_Alice-LANGE-150x150.jpg 150w, https:\/\/comalamaison03-appli.fr\/JeunesEuropeensLorraine\/wp-content\/uploads\/2023\/03\/CA_Alice-LANGE-768x769.jpg 768w\" sizes=\"auto, (max-width: 828px) 100vw, 828px\" \/>\t\t\t\t\t\t\t\t\t<\/div>\r\n\t\t\t\t<div class=\"premium-person-info\">\r\n\t\t\t\t\t\t\t\t<div class=\"premium-person-info-container\">\r\n\t\t\t\t\t\t\t\t\t\t<p class=\"premium-person-title\">\r\n\t\t\t\t\t\t\t<span>Alice LANGE<\/span>\r\n\t\t\t\t\t\t<\/p>\r\n\t\t\t\t\t\t\t\t\t\t\t<div class=\"premium-person-content\">\r\n\t\t\t\t\t\t\t<p><span style=\"color: #ffffff;\">Alice vient de Lyon et \u00e9tudie en premi\u00e8re ann\u00e9e sur le campus europ\u00e9en franco-allemand de Sciences Po \u00e0 Nancy en double dipl\u00f4me avec la Freie Universit\u00e4t de Berlin.<\/span><\/p><p><span style=\"color: #ffffff;\">Elle est profond\u00e9ment convaincue de l&rsquo;importance du projet europ\u00e9en et de ses approfondissements face aux crises actuelles que nous traversons.<\/span><\/p><p><span style=\"color: #ffffff;\">Son engagement aux JE Lorraine vise \u00e0 communiquer son amour de l&rsquo;Europe au plus grand nombre et plus particuli\u00e8rement sensibiliser les jeunes, acteurs de demain trop peu inform\u00e9s sur les sujets europ\u00e9ens !<\/span><\/p><p><span style=\"color: #ffffff;\">Pour la contacter : <a style=\"color: #ffffff;\" href=\"mailto:alice.lange@je-lorraine.org\">alice.lange@je-lorraine.org<\/a><\/span><\/p>\t\t\t\t\t\t<\/div>\r\n\t\t\t\t\t\t\t\t<\/div>\r\n\t\t\t\t\t\t\t<\/div>\r\n\t\t\t<\/div>\r\n\t\t\t\t\t\t<\/div>\r\n\t\t\t\t<\/div>\n\t\t\t\t<\/div>\n\t\t\t\t\t<\/div>\n\t\t<\/div>\n\t\t\t\t<div class=\"elementor-column elementor-col-50 elementor-top-column elementor-element elementor-element-12d4b53\" data-id=\"12d4b53\" data-element_type=\"column\">\n\t\t\t<div class=\"elementor-widget-wrap elementor-element-populated\">\n\t\t\t\t\t\t\t\t<div class=\"elementor-element elementor-element-e68b855 elementor-widget elementor-widget-premium-addon-person\" data-id=\"e68b855\" data-element_type=\"widget\" data-widget_type=\"premium-addon-person.default\">\n\t\t\t\t<div class=\"elementor-widget-container\">\n\t\t\t\t\t<div class=\"premium-persons-container premium-person-style1\">\r\n\t\t\t\t\t\t<div class=\"premium-person-container premium-person-none-effect\">\r\n\t\t\t\t<div class=\"premium-person-image-container\">\r\n\t\t\t\t\t<img loading=\"lazy\" decoding=\"async\" width=\"1080\" height=\"1080\" src=\"https:\/\/comalamaison03-appli.fr\/JeunesEuropeensLorraine\/wp-content\/uploads\/2023\/03\/CA_Jules-VILLEMIN.jpg\" class=\"attachment-full size-full wp-image-452\" alt=\"\" srcset=\"https:\/\/comalamaison03-appli.fr\/JeunesEuropeensLorraine\/wp-content\/uploads\/2023\/03\/CA_Jules-VILLEMIN.jpg 1080w, https:\/\/comalamaison03-appli.fr\/JeunesEuropeensLorraine\/wp-content\/uploads\/2023\/03\/CA_Jules-VILLEMIN-300x300.jpg 300w, https:\/\/comalamaison03-appli.fr\/JeunesEuropeensLorraine\/wp-content\/uploads\/2023\/03\/CA_Jules-VILLEMIN-1024x1024.jpg 1024w, https:\/\/comalamaison03-appli.fr\/JeunesEuropeensLorraine\/wp-content\/uploads\/2023\/03\/CA_Jules-VILLEMIN-150x150.jpg 150w, https:\/\/comalamaison03-appli.fr\/JeunesEuropeensLorraine\/wp-content\/uploads\/2023\/03\/CA_Jules-VILLEMIN-768x768.jpg 768w\" sizes=\"auto, (max-width: 1080px) 100vw, 1080px\" \/>\t\t\t\t\t\t\t\t\t<\/div>\r\n\t\t\t\t<div class=\"premium-person-info\">\r\n\t\t\t\t\t\t\t\t<div class=\"premium-person-info-container\">\r\n\t\t\t\t\t\t\t\t\t\t<p class=\"premium-person-title\">\r\n\t\t\t\t\t\t\t<span>Jules VILLEMIN<\/span>\r\n\t\t\t\t\t\t<\/p>\r\n\t\t\t\t\t\t\t\t\t\t\t<div class=\"premium-person-content\">\r\n\t\t\t\t\t\t\t<table width=\"602\"><tbody><tr><td width=\"301\"><p><span style=\"color: #ffffff;\">\u00c2g\u00e9 de 17 ans, Jules est en 1\u00e8re S2TMD, cursus conservatoire et cours, fili\u00e8re sp\u00e9cialis\u00e9e dans la musique, il fait du saxophone et de la direction d&rsquo;orchestre !<\/span><\/p><p><span style=\"color: #ffffff;\">Il s\u2019est engag\u00e9 aux Jeunes Europ\u00e9ens car il a r\u00e9ellement envie de participer \u00e0 son \u00e9chelle \u00e0 la construction europ\u00e9enne, de convaincre les autres de tous les bienfaits que l&rsquo;UE nous apporte, et ceux qu&rsquo;elle continuera de nous apporter.<\/span><\/p><p><span style=\"color: #ffffff;\">Il pense aussi que notre avenir \u00e0 long terme est dans une Europe forte, capable unie de rivaliser avec n&rsquo;importe quel pays, et que nos valeurs puissent prosp\u00e9rer.<\/span><\/p><p><span style=\"color: #ffffff;\">Pour le contacter : <a style=\"color: #ffffff;\" href=\"mailto:alice.lange@je-lorraine.org\">jules.villemin@je-lorraine.org<\/a><\/span><\/p><\/td><\/tr><\/tbody><\/table>\t\t\t\t\t\t<\/div>\r\n\t\t\t\t\t\t\t\t<\/div>\r\n\t\t\t\t\t\t\t<\/div>\r\n\t\t\t<\/div>\r\n\t\t\t\t\t\t<\/div>\r\n\t\t\t\t<\/div>\n\t\t\t\t<\/div>\n\t\t\t\t\t<\/div>\n\t\t<\/div>\n\t\t\t\t\t\t\t<\/div>\n\t\t<\/section>\n\t\t\t\t\t\t\t<\/div>\n\t\t","protected":false},"excerpt":{"rendered":"<p>Le Conseil d\u2019administration Faites connaissance avec les 12 membres du CA de cette mandature 2022-2023 ! Erwan LAURENT \u00c2g\u00e9 de 19 ans et \u00e9tudiant en 2e ann\u00e9e \u00e0 Sciences Po Nancy en double dipl\u00f4me avec la Freie Universit\u00e4t Berlin, Erwan est aussi engag\u00e9 \u00e0 l\u2019Office franco-allemand pour la jeunesse depuis plus de deux ans !&hellip;<\/p>\n","protected":false},"author":1,"featured_media":0,"parent":0,"menu_order":0,"comment_status":"closed","ping_status":"closed","template":"","meta":{"footnotes":""},"class_list":["post-82","page","type-page","status-publish","hentry"],"_links":{"self":[{"href":"https:\/\/comalamaison03-appli.fr\/JeunesEuropeensLorraine\/wp-json\/wp\/v2\/pages\/82","targetHints":{"allow":["GET"]}}],"collection":[{"href":"https:\/\/comalamaison03-appli.fr\/JeunesEuropeensLorraine\/wp-json\/wp\/v2\/pages"}],"about":[{"href":"https:\/\/comalamaison03-appli.fr\/JeunesEuropeensLorraine\/wp-json\/wp\/v2\/types\/page"}],"author":[{"embeddable":true,"href":"https:\/\/comalamaison03-appli.fr\/JeunesEuropeensLorraine\/wp-json\/wp\/v2\/users\/1"}],"replies":[{"embeddable":true,"href":"https:\/\/comalamaison03-appli.fr\/JeunesEuropeensLorraine\/wp-json\/wp\/v2\/comments?post=82"}],"version-history":[{"count":53,"href":"https:\/\/comalamaison03-appli.fr\/JeunesEuropeensLorraine\/wp-json\/wp\/v2\/pages\/82\/revisions"}],"predecessor-version":[{"id":476,"href":"https:\/\/comalamaison03-appli.fr\/JeunesEuropeensLorraine\/wp-json\/wp\/v2\/pages\/82\/revisions\/476"}],"wp:attachment":[{"href":"https:\/\/comalamaison03-appli.fr\/JeunesEuropeensLorraine\/wp-json\/wp\/v2\/media?parent=82"}],"curies":[{"name":"wp","href":"https:\/\/api.w.org\/{rel}","templated":true}]}}