{"id":8,"date":"2023-02-13T14:53:14","date_gmt":"2023-02-13T13:53:14","guid":{"rendered":"https:\/\/comalamaison03-appli.fr\/JeunesEuropeensLorraine\/?page_id=8"},"modified":"2023-03-22T15:28:29","modified_gmt":"2023-03-22T14:28:29","slug":"accueil","status":"publish","type":"page","link":"https:\/\/comalamaison03-appli.fr\/JeunesEuropeensLorraine\/","title":{"rendered":"Accueil"},"content":{"rendered":"\t\t<div data-elementor-type=\"wp-page\" data-elementor-id=\"8\" class=\"elementor elementor-8\">\n\t\t\t\t\t\t\t\t\t<section class=\"elementor-section elementor-top-section elementor-element elementor-element-dfa2320 elementor-section-boxed elementor-section-height-default elementor-section-height-default\" data-id=\"dfa2320\" data-element_type=\"section\" data-settings=\"{&quot;background_background&quot;:&quot;classic&quot;}\">\n\t\t\t\t\t\t<div class=\"elementor-container elementor-column-gap-default\">\n\t\t\t\t\t<div class=\"elementor-column elementor-col-50 elementor-top-column elementor-element elementor-element-486a426\" data-id=\"486a426\" data-element_type=\"column\" data-settings=\"{&quot;background_background&quot;:&quot;classic&quot;}\">\n\t\t\t<div class=\"elementor-widget-wrap\">\n\t\t\t\t\t\t\t\t\t<\/div>\n\t\t<\/div>\n\t\t\t\t<div class=\"elementor-column elementor-col-50 elementor-top-column elementor-element elementor-element-967c96d\" data-id=\"967c96d\" data-element_type=\"column\" data-settings=\"{&quot;background_background&quot;:&quot;classic&quot;}\">\n\t\t\t<div class=\"elementor-widget-wrap elementor-element-populated\">\n\t\t\t\t\t\t\t\t<div class=\"elementor-element elementor-element-8beb041 elementor-widget elementor-widget-heading\" data-id=\"8beb041\" data-element_type=\"widget\" data-widget_type=\"heading.default\">\n\t\t\t\t<div class=\"elementor-widget-container\">\n\t\t\t<h2 class=\"elementor-heading-title elementor-size-default\">Rejoignez-nous<\/br>\nJEUNES EUROp\u00e9ens LORRAINE<\/h2>\t\t<\/div>\n\t\t\t\t<\/div>\n\t\t\t\t<div class=\"elementor-element elementor-element-b0e6353 elementor-align-center elementor-widget elementor-widget-button\" data-id=\"b0e6353\" data-element_type=\"widget\" data-widget_type=\"button.default\">\n\t\t\t\t<div class=\"elementor-widget-container\">\n\t\t\t\t\t<div class=\"elementor-button-wrapper\">\n\t\t\t<a href=\"#\" class=\"elementor-button-link elementor-button elementor-size-sm\" role=\"button\">\n\t\t\t\t\t\t<span class=\"elementor-button-content-wrapper\">\n\t\t\t\t\t\t<span class=\"elementor-button-text\">Contactez-nous<\/span>\n\t\t<\/span>\n\t\t\t\t\t<\/a>\n\t\t<\/div>\n\t\t\t\t<\/div>\n\t\t\t\t<\/div>\n\t\t\t\t\t<\/div>\n\t\t<\/div>\n\t\t\t\t\t\t\t<\/div>\n\t\t<\/section>\n\t\t\t\t<section class=\"elementor-section elementor-top-section elementor-element elementor-element-d2da2be elementor-section-boxed elementor-section-height-default elementor-section-height-default\" data-id=\"d2da2be\" data-element_type=\"section\">\n\t\t\t\t\t\t<div class=\"elementor-container elementor-column-gap-wider\">\n\t\t\t\t\t<div class=\"elementor-column elementor-col-50 elementor-top-column elementor-element elementor-element-e084cd4\" data-id=\"e084cd4\" data-element_type=\"column\">\n\t\t\t<div class=\"elementor-widget-wrap elementor-element-populated\">\n\t\t\t\t\t\t\t\t<div class=\"elementor-element elementor-element-ba41974 elementor-widget elementor-widget-heading\" data-id=\"ba41974\" data-element_type=\"widget\" data-widget_type=\"heading.default\">\n\t\t\t\t<div class=\"elementor-widget-container\">\n\t\t\t<h2 class=\"elementor-heading-title elementor-size-default\">NOS \u00e9v\u00e8nements \u00e0 venir<\/h2>\t\t<\/div>\n\t\t\t\t<\/div>\n\t\t\t\t\t<\/div>\n\t\t<\/div>\n\t\t\t\t<div class=\"elementor-column elementor-col-50 elementor-top-column elementor-element elementor-element-3ee7e54\" data-id=\"3ee7e54\" data-element_type=\"column\" data-settings=\"{&quot;background_background&quot;:&quot;classic&quot;}\">\n\t\t\t<div class=\"elementor-widget-wrap elementor-element-populated\">\n\t\t\t\t\t\t\t\t<div class=\"elementor-element elementor-element-79cb357 elementor-widget elementor-widget-heading\" data-id=\"79cb357\" data-element_type=\"widget\" data-widget_type=\"heading.default\">\n\t\t\t\t<div class=\"elementor-widget-container\">\n\t\t\t<h2 class=\"elementor-heading-title elementor-size-default\">NOs \u00e9v\u00e8nements pass\u00e9s<\/h2>\t\t<\/div>\n\t\t\t\t<\/div>\n\t\t\t\t<div class=\"elementor-element elementor-element-847f88b arrows-relative-to-box_area elementor-widget elementor-widget-the7_elements_carousel\" data-id=\"847f88b\" data-element_type=\"widget\" data-widget_type=\"the7_elements_carousel.default\">\n\t\t\t\t<div class=\"elementor-widget-container\">\n\t\t\t<div class=\"carousel-nav-display-never   disable-arrows-hover-bg the7_elements_carousel-847f88b owl-carousel portfolio-carousel-shortcode elementor-owl-carousel-call portfolio-shortcode the7-elementor-widget content-bg-on classic-layout-list description-under-image quick-scale-img meta-info-off enable-bg-rollover bullets-small-dot-stroke\" data-arrows=\"false\" data-arrows_tablet=\"true\" data-arrows_mobile=\"true\" data-scroll-mode=\"1\" data-col-num=\"1\" data-wide-col-num=\"1\" data-laptop-col=\"2\" data-h-tablet-columns-num=\"2\" data-v-tablet-columns-num=\"2\" data-phone-columns-num=\"1\" data-auto-height=\"false\" data-col-gap=\"15\" data-col-gap-tablet=\"\" data-col-gap-mobile=\"\" data-speed=\"600\" data-autoplay=\"false\" data-autoplay_speed=\"\" data-bullet=\"y\" data-bullet_tablet=\"\" data-bullet_mobile=\"\"><article class=\"post visible post-582 type-post status-publish format-standard has-post-thumbnail hentry category-passes\">\n\n\t<div class=\"post-thumbnail-wrap rollover-active\">\n\t\t<div class=\"post-thumbnail\">\n\n\t\t\t<a href=\"https:\/\/comalamaison03-appli.fr\/JeunesEuropeensLorraine\/6-avril-simulation-du-parlement-europeen\/\" class=\"post-thumbnail-rollover layzr-bg\" aria-label=\"Image article\"><img loading=\"lazy\" decoding=\"async\" class=\"preload-me lazy-load\" src=\"data:image\/svg+xml,%3Csvg%20xmlns%3D&#39;http%3A%2F%2Fwww.w3.org%2F2000%2Fsvg&#39;%20viewBox%3D&#39;0%200%20925%20692&#39;%2F%3E\" data-src=\"https:\/\/comalamaison03-appli.fr\/JeunesEuropeensLorraine\/wp-content\/uploads\/2023\/03\/6-avril-925x692.jpg\" data-srcset=\"https:\/\/comalamaison03-appli.fr\/JeunesEuropeensLorraine\/wp-content\/uploads\/2023\/03\/6-avril-925x692.jpg 925w, https:\/\/comalamaison03-appli.fr\/JeunesEuropeensLorraine\/wp-content\/uploads\/2023\/03\/6-avril.jpg 1125w\" alt=\"\" title=\"6 avril\" width=\"925\" height=\"692\"  \/><\/a><div class=\"project-links-container\"><a href=\"https:\/\/comalamaison03-appli.fr\/JeunesEuropeensLorraine\/6-avril-simulation-du-parlement-europeen\/\" class=\"project-details\" aria-label=\"Lien d\u00e9tails\"><span aria-hidden=\"true\" class=\"icomoon-the7-font-the7-plus-02\"><\/span><\/a><\/div>\n\t\t<\/div>\n\t<\/div>\n\n\n<div class=\"post-entry-content\">\n\n\t<h3 class=\"ele-entry-title\"><a href=\"https:\/\/comalamaison03-appli.fr\/JeunesEuropeensLorraine\/6-avril-simulation-du-parlement-europeen\/\" title=\"6 avril : Simulation du Parlement europ\u00e9en\" rel=\"bookmark\">6 avril : Simulation du Parlement europ\u00e9en<\/a><\/h3><div class=\"entry-excerpt\"><p>Simulation du Parlement europ\u00e9en sur l\u2019\u00e9galit\u00e9 femme-homme et l\u2019accessibilit\u00e9 des services en Europe 6 avril Nancy \ud83d\udcc5Le 06 avril, nos b\u00e9n\u00e9voles sont intervenus au lyc\u00e9e Fr\u00e9d\u00e9ric Chopin \u00e0 Nancy. \ud83d\udde3\ufe0fIl s&rsquo;agissait d&rsquo;une simulation du parlement europ\u00e9en dans le cadre du projet AccessiblEU des Jeunes europ\u00e9ens qui vise \u00e0 rendre la citoyennet\u00e9 europ\u00e9enne accessible \u00e0 tous&hellip;<\/p>\n<\/div><a href=\"https:\/\/comalamaison03-appli.fr\/JeunesEuropeensLorraine\/6-avril-simulation-du-parlement-europeen\/\" target=\"\" aria-label=\"En savoir plus sur 6 avril : Simulation du Parlement europ\u00e9en\" class=\"box-button elementor-button elementor-size-xs\">Lire la suite<i aria-hidden=\"true\" class=\"elementor-button-icon dt-icon-the7-arrow-552\"><\/i><\/a>\n<\/div><\/article><article class=\"post visible post-573 type-post status-publish format-standard has-post-thumbnail hentry category-passes\">\n\n\t<div class=\"post-thumbnail-wrap rollover-active\">\n\t\t<div class=\"post-thumbnail\">\n\n\t\t\t<a href=\"https:\/\/comalamaison03-appli.fr\/JeunesEuropeensLorraine\/20-mars-intervention-leurope-par-les-jeunes\/\" class=\"post-thumbnail-rollover layzr-bg\" aria-label=\"Image article\"><img loading=\"lazy\" decoding=\"async\" class=\"preload-me lazy-load\" src=\"data:image\/svg+xml,%3Csvg%20xmlns%3D&#39;http%3A%2F%2Fwww.w3.org%2F2000%2Fsvg&#39;%20viewBox%3D&#39;0%200%20750%201000&#39;%2F%3E\" data-src=\"https:\/\/comalamaison03-appli.fr\/JeunesEuropeensLorraine\/wp-content\/uploads\/2023\/04\/20-marsLuneville.jpg\" data-srcset=\"https:\/\/comalamaison03-appli.fr\/JeunesEuropeensLorraine\/wp-content\/uploads\/2023\/04\/20-marsLuneville.jpg 750w\" alt=\"\" title=\"20 marsLuneville\" width=\"750\" height=\"1000\"  \/><\/a><div class=\"project-links-container\"><a href=\"https:\/\/comalamaison03-appli.fr\/JeunesEuropeensLorraine\/20-mars-intervention-leurope-par-les-jeunes\/\" class=\"project-details\" aria-label=\"Lien d\u00e9tails\"><span aria-hidden=\"true\" class=\"icomoon-the7-font-the7-plus-02\"><\/span><\/a><\/div>\n\t\t<\/div>\n\t<\/div>\n\n\n<div class=\"post-entry-content\">\n\n\t<h3 class=\"ele-entry-title\"><a href=\"https:\/\/comalamaison03-appli.fr\/JeunesEuropeensLorraine\/20-mars-intervention-leurope-par-les-jeunes\/\" title=\"20 mars : Intervention \u201cl\u2019Europe par les Jeunes\u201d\" rel=\"bookmark\">20 mars : Intervention \u201cl\u2019Europe par les Jeunes\u201d<\/a><\/h3><div class=\"entry-excerpt\"><p>Intervention \u201cl\u2019Europe par les Jeunes\u201d pour une cinquantaine de lyc\u00e9ens fran\u00e7ais et danois dans le cadre d\u2019un \u00e9change scolaire ! 20 mars 2023 Lun\u00e9ville, Lyc\u00e9e Ernest Bichat La semaine derni\u00e8re, nos b\u00e9n\u00e9voles \u00e9taient pr\u00e9sents pour une intervention EPJ pour sensibiliser \u00e0 la citoyennet\u00e9 europ\u00e9enne au Lyc\u00e9e Ernest Bichat de Lun\u00e9ville dans le cadre d&rsquo;un \u00e9change&hellip;<\/p>\n<\/div><a href=\"https:\/\/comalamaison03-appli.fr\/JeunesEuropeensLorraine\/20-mars-intervention-leurope-par-les-jeunes\/\" target=\"\" aria-label=\"En savoir plus sur 20 mars : Intervention \u201cl\u2019Europe par les Jeunes\u201d\" class=\"box-button elementor-button elementor-size-xs\">Lire la suite<i aria-hidden=\"true\" class=\"elementor-button-icon dt-icon-the7-arrow-552\"><\/i><\/a>\n<\/div><\/article><article class=\"post visible post-567 type-post status-publish format-standard has-post-thumbnail hentry category-passes\">\n\n\t<div class=\"post-thumbnail-wrap rollover-active\">\n\t\t<div class=\"post-thumbnail\">\n\n\t\t\t<a href=\"https:\/\/comalamaison03-appli.fr\/JeunesEuropeensLorraine\/9-10-mars-2023-forum-sante-et-citoyennete\/\" class=\"post-thumbnail-rollover layzr-bg\" aria-label=\"Image article\"><img loading=\"lazy\" decoding=\"async\" class=\"preload-me lazy-load\" src=\"data:image\/svg+xml,%3Csvg%20xmlns%3D&#39;http%3A%2F%2Fwww.w3.org%2F2000%2Fsvg&#39;%20viewBox%3D&#39;0%200%20925%20416&#39;%2F%3E\" data-src=\"https:\/\/comalamaison03-appli.fr\/JeunesEuropeensLorraine\/wp-content\/uploads\/2023\/03\/1-9-10-mars-2023-forum-sante-et-citoyennete-a-Metz-925x416.jpg\" data-srcset=\"https:\/\/comalamaison03-appli.fr\/JeunesEuropeensLorraine\/wp-content\/uploads\/2023\/03\/1-9-10-mars-2023-forum-sante-et-citoyennete-a-Metz-925x416.jpg 925w, https:\/\/comalamaison03-appli.fr\/JeunesEuropeensLorraine\/wp-content\/uploads\/2023\/03\/1-9-10-mars-2023-forum-sante-et-citoyennete-a-Metz-1388x624.jpg 1388w\" alt=\"\" title=\"(1) 9-10 mars 2023 forum sant\u00e9 et citoyennet\u00e9 \u00e0 Metz\" width=\"925\" height=\"416\"  \/><\/a><div class=\"project-links-container\"><a href=\"https:\/\/comalamaison03-appli.fr\/JeunesEuropeensLorraine\/9-10-mars-2023-forum-sante-et-citoyennete\/\" class=\"project-details\" aria-label=\"Lien d\u00e9tails\"><span aria-hidden=\"true\" class=\"icomoon-the7-font-the7-plus-02\"><\/span><\/a><\/div>\n\t\t<\/div>\n\t<\/div>\n\n\n<div class=\"post-entry-content\">\n\n\t<h3 class=\"ele-entry-title\"><a href=\"https:\/\/comalamaison03-appli.fr\/JeunesEuropeensLorraine\/9-10-mars-2023-forum-sante-et-citoyennete\/\" title=\"9-10 mars 2023 : Forum \u201csant\u00e9 et citoyennet\u00e9\u201d\" rel=\"bookmark\">9-10 mars 2023 : Forum \u201csant\u00e9 et citoyennet\u00e9\u201d<\/a><\/h3><div class=\"entry-excerpt\"><p>Forum \u201csant\u00e9 et citoyennet\u00e9\u201d &#8211; Animation d\u2019ateliers sur la th\u00e9matique \u201ccitoyennet\u00e9 et mobilit\u00e9 europ\u00e9ennes\u201d au lyc\u00e9e Alain-Fournier 9-10 mars 2023 Metz Les 9 et 10 mars, nos b\u00e9n\u00e9voles \u00e9taient pr\u00e9sents \u00e0 Metz pour le forum annuel \u00ab\u00a0sant\u00e9 et citoyennet\u00e9\u00a0\u00bb \ud83c\udf31du lyc\u00e9e Alain Fournier pour animer des ateliers autour de la mobilit\u00e9 et la citoyennet\u00e9 europ\u00e9enne&hellip;<\/p>\n<\/div><a href=\"https:\/\/comalamaison03-appli.fr\/JeunesEuropeensLorraine\/9-10-mars-2023-forum-sante-et-citoyennete\/\" target=\"\" aria-label=\"En savoir plus sur 9-10 mars 2023 : Forum \u201csant\u00e9 et citoyennet\u00e9\u201d\" class=\"box-button elementor-button elementor-size-xs\">Lire la suite<i aria-hidden=\"true\" class=\"elementor-button-icon dt-icon-the7-arrow-552\"><\/i><\/a>\n<\/div><\/article><\/div><div class=\"owl-nav disabled\"><a class=\"owl-prev\" role=\"button\"><i class=\"icomoon-the7-font-the7-arrow-08\"><\/i><\/a><a class=\"owl-next\" role=\"button\"><i class=\"icomoon-the7-font-the7-arrow-09\"><\/i><\/a><\/div>\t\t<\/div>\n\t\t\t\t<\/div>\n\t\t\t\t\t<\/div>\n\t\t<\/div>\n\t\t\t\t\t\t\t<\/div>\n\t\t<\/section>\n\t\t\t\t\t\t\t<\/div>\n\t\t","protected":false},"excerpt":{"rendered":"<p>Rejoignez-nous JEUNES EUROp\u00e9ens LORRAINE Contactez-nous NOS \u00e9v\u00e8nements \u00e0 venir Simulation du Parlement europ\u00e9en 6 avril 2023 Nancy Simulation du Parlement europ\u00e9en sur le droit des femmes et\u00a0 l&#8217;accessibilit\u00e9 des services en Europe Lire la suite Intervention \u201cl\u2019Europe par les Jeunes&#8221; Lire la suite NOs \u00e9v\u00e8nements pass\u00e9s Forum \u201csant\u00e9 et citoyennet\u00e9\u201d Lire la suite<\/p>\n","protected":false},"author":1,"featured_media":0,"parent":0,"menu_order":0,"comment_status":"closed","ping_status":"closed","template":"","meta":{"footnotes":""},"class_list":["post-8","page","type-page","status-publish","hentry"],"_links":{"self":[{"href":"https:\/\/comalamaison03-appli.fr\/JeunesEuropeensLorraine\/wp-json\/wp\/v2\/pages\/8","targetHints":{"allow":["GET"]}}],"collection":[{"href":"https:\/\/comalamaison03-appli.fr\/JeunesEuropeensLorraine\/wp-json\/wp\/v2\/pages"}],"about":[{"href":"https:\/\/comalamaison03-appli.fr\/JeunesEuropeensLorraine\/wp-json\/wp\/v2\/types\/page"}],"author":[{"embeddable":true,"href":"https:\/\/comalamaison03-appli.fr\/JeunesEuropeensLorraine\/wp-json\/wp\/v2\/users\/1"}],"replies":[{"embeddable":true,"href":"https:\/\/comalamaison03-appli.fr\/JeunesEuropeensLorraine\/wp-json\/wp\/v2\/comments?post=8"}],"version-history":[{"count":37,"href":"https:\/\/comalamaison03-appli.fr\/JeunesEuropeensLorraine\/wp-json\/wp\/v2\/pages\/8\/revisions"}],"predecessor-version":[{"id":500,"href":"https:\/\/comalamaison03-appli.fr\/JeunesEuropeensLorraine\/wp-json\/wp\/v2\/pages\/8\/revisions\/500"}],"wp:attachment":[{"href":"https:\/\/comalamaison03-appli.fr\/JeunesEuropeensLorraine\/wp-json\/wp\/v2\/media?parent=8"}],"curies":[{"name":"wp","href":"https:\/\/api.w.org\/{rel}","templated":true}]}}