{"id":78,"date":"2023-02-14T11:15:45","date_gmt":"2023-02-14T10:15:45","guid":{"rendered":"https:\/\/comalamaison03-appli.fr\/JeunesEuropeensLorraine\/?page_id=78"},"modified":"2023-03-22T13:58:40","modified_gmt":"2023-03-22T12:58:40","slug":"les-jeunes-europeens-lorraine","status":"publish","type":"page","link":"https:\/\/comalamaison03-appli.fr\/JeunesEuropeensLorraine\/les-jeunes-europeens-lorraine\/","title":{"rendered":"Les Jeunes Europ\u00e9ens Lorraine"},"content":{"rendered":"\t\t<div data-elementor-type=\"wp-page\" data-elementor-id=\"78\" class=\"elementor elementor-78\">\n\t\t\t\t\t\t\t\t\t<section class=\"elementor-section elementor-top-section elementor-element elementor-element-15e68c3 elementor-section-boxed elementor-section-height-default elementor-section-height-default\" data-id=\"15e68c3\" data-element_type=\"section\">\n\t\t\t\t\t\t<div class=\"elementor-container elementor-column-gap-default\">\n\t\t\t\t\t<div class=\"elementor-column elementor-col-100 elementor-top-column elementor-element elementor-element-36c74bc\" data-id=\"36c74bc\" data-element_type=\"column\">\n\t\t\t<div class=\"elementor-widget-wrap elementor-element-populated\">\n\t\t\t\t\t\t\t\t<div class=\"elementor-element elementor-element-40e26a8 elementor-widget elementor-widget-heading\" data-id=\"40e26a8\" data-element_type=\"widget\" data-widget_type=\"heading.default\">\n\t\t\t\t<div class=\"elementor-widget-container\">\n\t\t\t<h2 class=\"elementor-heading-title elementor-size-default\">Les Jeunes Europ\u00e9ens Lorraine<\/h2>\t\t<\/div>\n\t\t\t\t<\/div>\n\t\t\t\t<div class=\"elementor-element elementor-element-4bf30b6 elementor-widget-divider--view-line elementor-widget elementor-widget-divider\" data-id=\"4bf30b6\" data-element_type=\"widget\" data-widget_type=\"divider.default\">\n\t\t\t\t<div class=\"elementor-widget-container\">\n\t\t\t\t\t<div class=\"elementor-divider\">\n\t\t\t<span class=\"elementor-divider-separator\">\n\t\t\t\t\t\t<\/span>\n\t\t<\/div>\n\t\t\t\t<\/div>\n\t\t\t\t<\/div>\n\t\t\t\t\t<\/div>\n\t\t<\/div>\n\t\t\t\t\t\t\t<\/div>\n\t\t<\/section>\n\t\t\t\t<section class=\"elementor-section elementor-top-section elementor-element elementor-element-6bbae2a elementor-section-boxed elementor-section-height-default elementor-section-height-default\" data-id=\"6bbae2a\" data-element_type=\"section\">\n\t\t\t\t\t\t<div class=\"elementor-container elementor-column-gap-wider\">\n\t\t\t\t\t<div class=\"elementor-column elementor-col-50 elementor-top-column elementor-element elementor-element-4d532e5\" data-id=\"4d532e5\" data-element_type=\"column\">\n\t\t\t<div class=\"elementor-widget-wrap elementor-element-populated\">\n\t\t\t\t\t\t\t\t<div class=\"elementor-element elementor-element-16944ba elementor-widget elementor-widget-text-editor\" data-id=\"16944ba\" data-element_type=\"widget\" data-widget_type=\"text-editor.default\">\n\t\t\t\t<div class=\"elementor-widget-container\">\n\t\t\t\t\t\t\t<p><strong><a href=\"https:\/\/www.jeunes-europeens.org\/Les-Jeunes-Europeens-Lorraine\" target=\"_blank\" rel=\"noopener\">Les Jeunes Europ\u00e9ens &#8211; Lorraine<\/a>,<\/strong> cr\u00e9\u00e9e en 2015, est une des<strong> sections locales<\/strong> des <a href=\"https:\/\/www.jeunes-europeens.org\/\" target=\"_blank\" rel=\"noopener\">Jeunes Europ\u00e9ens &#8211; France<\/a>, association qui se d\u00e9ploie depuis 1992 au niveau national \u00e0 travers la France. La section nationale est elle-m\u00eame membre d\u2019un r\u00e9seau plus vaste, la <a href=\"https:\/\/jef.eu\/\">JEF Europe<\/a>, qui est active \u00e0 l\u2019\u00e9chelle continentale avec des membres dans tous les pays de l\u2019UE et au-del\u00e0 en Europe.<\/p><p>Les Jeunes Europ\u00e9ens &#8211; Lorraine, membres de ce r\u00e9seau, <strong>portent les valeurs de l\u2019UE et m\u00e8nent des actions de sensibilisation <u>\u00e0 leur \u00e9chelle locale<\/u><\/strong>. Il s\u2019agit notamment d\u2019interventions aupr\u00e8s de jeunes, de la maternelle aux \u00e9tudes sup\u00e9rieures, d\u2019organisation de simulations du Parlement europ\u00e9en, de conf\u00e9rences sur des enjeux europ\u00e9ens ou encore d\u2019actions de rue pour sensibiliser \u00e0 la citoyennet\u00e9 europ\u00e9enne etc\u2026<\/p><p>Chaque ann\u00e9e, plusieurs dizaines de<strong> lyc\u00e9ens, \u00e9tudiants ou jeunes actifs <\/strong>s\u2019engagent au sein de l\u2019association et contribuent \u00e0 son <strong>dynamisme<\/strong>. En 2022, la section comptait plus de 70 adh\u00e9rents.<\/p>\t\t\t\t\t\t<\/div>\n\t\t\t\t<\/div>\n\t\t\t\t<div class=\"elementor-element elementor-element-ecb68e7 elementor-widget elementor-widget-image\" data-id=\"ecb68e7\" data-element_type=\"widget\" data-widget_type=\"image.default\">\n\t\t\t\t<div class=\"elementor-widget-container\">\n\t\t\t\t\t\t\t\t\t\t\t\t\t\t\t<img loading=\"lazy\" decoding=\"async\" width=\"1024\" height=\"461\" src=\"https:\/\/comalamaison03-appli.fr\/JeunesEuropeensLorraine\/wp-content\/uploads\/2023\/03\/Photo-daccueil-JE-Lorraine-1024x461.jpg\" class=\"attachment-large size-large wp-image-138\" alt=\"\" srcset=\"https:\/\/comalamaison03-appli.fr\/JeunesEuropeensLorraine\/wp-content\/uploads\/2023\/03\/Photo-daccueil-JE-Lorraine-1024x461.jpg 1024w, https:\/\/comalamaison03-appli.fr\/JeunesEuropeensLorraine\/wp-content\/uploads\/2023\/03\/Photo-daccueil-JE-Lorraine-300x135.jpg 300w, https:\/\/comalamaison03-appli.fr\/JeunesEuropeensLorraine\/wp-content\/uploads\/2023\/03\/Photo-daccueil-JE-Lorraine-768x346.jpg 768w, https:\/\/comalamaison03-appli.fr\/JeunesEuropeensLorraine\/wp-content\/uploads\/2023\/03\/Photo-daccueil-JE-Lorraine-1536x692.jpg 1536w, https:\/\/comalamaison03-appli.fr\/JeunesEuropeensLorraine\/wp-content\/uploads\/2023\/03\/Photo-daccueil-JE-Lorraine.jpg 2016w\" sizes=\"auto, (max-width: 1024px) 100vw, 1024px\" \/>\t\t\t\t\t\t\t\t\t\t\t\t\t\t\t<\/div>\n\t\t\t\t<\/div>\n\t\t\t\t\t<\/div>\n\t\t<\/div>\n\t\t\t\t<div class=\"elementor-column elementor-col-50 elementor-top-column elementor-element elementor-element-1b3f04e\" data-id=\"1b3f04e\" data-element_type=\"column\">\n\t\t\t<div class=\"elementor-widget-wrap elementor-element-populated\">\n\t\t\t\t\t\t\t\t<div class=\"elementor-element elementor-element-f72a78e elementor-widget elementor-widget-image\" data-id=\"f72a78e\" data-element_type=\"widget\" data-widget_type=\"image.default\">\n\t\t\t\t<div class=\"elementor-widget-container\">\n\t\t\t\t\t\t\t\t\t\t\t\t\t\t\t<img loading=\"lazy\" decoding=\"async\" width=\"1024\" height=\"602\" src=\"https:\/\/comalamaison03-appli.fr\/JeunesEuropeensLorraine\/wp-content\/uploads\/2023\/03\/Photo-JE-Lorraine-1024x602.jpg\" class=\"attachment-large size-large wp-image-402\" alt=\"\" srcset=\"https:\/\/comalamaison03-appli.fr\/JeunesEuropeensLorraine\/wp-content\/uploads\/2023\/03\/Photo-JE-Lorraine-1024x602.jpg 1024w, https:\/\/comalamaison03-appli.fr\/JeunesEuropeensLorraine\/wp-content\/uploads\/2023\/03\/Photo-JE-Lorraine-300x176.jpg 300w, https:\/\/comalamaison03-appli.fr\/JeunesEuropeensLorraine\/wp-content\/uploads\/2023\/03\/Photo-JE-Lorraine-768x451.jpg 768w, https:\/\/comalamaison03-appli.fr\/JeunesEuropeensLorraine\/wp-content\/uploads\/2023\/03\/Photo-JE-Lorraine-1536x902.jpg 1536w, https:\/\/comalamaison03-appli.fr\/JeunesEuropeensLorraine\/wp-content\/uploads\/2023\/03\/Photo-JE-Lorraine.jpg 2048w\" sizes=\"auto, (max-width: 1024px) 100vw, 1024px\" \/>\t\t\t\t\t\t\t\t\t\t\t\t\t\t\t<\/div>\n\t\t\t\t<\/div>\n\t\t\t\t<div class=\"elementor-element elementor-element-dcce0ea elementor-widget elementor-widget-heading\" data-id=\"dcce0ea\" data-element_type=\"widget\" data-widget_type=\"heading.default\">\n\t\t\t\t<div class=\"elementor-widget-container\">\n\t\t\t<h2 class=\"elementor-heading-title elementor-size-default\">Une association transpartisane <\/h2>\t\t<\/div>\n\t\t\t\t<\/div>\n\t\t\t\t<div class=\"elementor-element elementor-element-46fdae5 elementor-widget elementor-widget-text-editor\" data-id=\"46fdae5\" data-element_type=\"widget\" data-widget_type=\"text-editor.default\">\n\t\t\t\t<div class=\"elementor-widget-container\">\n\t\t\t\t\t\t\t<p>Cette association est transpartisane, c\u2019est-\u00e0-dire qu\u2019elle est ind\u00e9pendante et ne soutient aucun parti politique, mais vise \u00e0 r\u00e9unir tous les jeunes d\u00e9sireux de s\u2019engager autour du projet europ\u00e9en pour le porter plus loin, et ce quelque soit leurs engagements politiques \u00e9ventuels.<\/p><p>Les Jeunes Europ\u00e9ens ont en effet pour but de mettre l\u2019Union europ\u00e9enne \u00e0 la port\u00e9e de tous les citoyens, et c\u2019est pourquoi chacun est le bienvenu \u00e0 nos \u00e9v\u00e9nements, qu&rsquo;il soit europhile ou eurosceptique, l\u2019objectif \u00e9tant de favoriser un d\u00e9bat le plus large et constructif possible.<\/p>\t\t\t\t\t\t<\/div>\n\t\t\t\t<\/div>\n\t\t\t\t\t<\/div>\n\t\t<\/div>\n\t\t\t\t\t\t\t<\/div>\n\t\t<\/section>\n\t\t\t\t\t\t\t<\/div>\n\t\t","protected":false},"excerpt":{"rendered":"<p>Les Jeunes Europ\u00e9ens Lorraine Les Jeunes Europ\u00e9ens &#8211; Lorraine, cr\u00e9\u00e9e en 2015, est une des sections locales des Jeunes Europ\u00e9ens &#8211; France, association qui se d\u00e9ploie depuis 1992 au niveau national \u00e0 travers la France. La section nationale est elle-m\u00eame membre d\u2019un r\u00e9seau plus vaste, la JEF Europe, qui est active \u00e0 l\u2019\u00e9chelle continentale avec&hellip;<\/p>\n","protected":false},"author":1,"featured_media":0,"parent":0,"menu_order":0,"comment_status":"closed","ping_status":"closed","template":"","meta":{"footnotes":""},"class_list":["post-78","page","type-page","status-publish","hentry"],"_links":{"self":[{"href":"https:\/\/comalamaison03-appli.fr\/JeunesEuropeensLorraine\/wp-json\/wp\/v2\/pages\/78","targetHints":{"allow":["GET"]}}],"collection":[{"href":"https:\/\/comalamaison03-appli.fr\/JeunesEuropeensLorraine\/wp-json\/wp\/v2\/pages"}],"about":[{"href":"https:\/\/comalamaison03-appli.fr\/JeunesEuropeensLorraine\/wp-json\/wp\/v2\/types\/page"}],"author":[{"embeddable":true,"href":"https:\/\/comalamaison03-appli.fr\/JeunesEuropeensLorraine\/wp-json\/wp\/v2\/users\/1"}],"replies":[{"embeddable":true,"href":"https:\/\/comalamaison03-appli.fr\/JeunesEuropeensLorraine\/wp-json\/wp\/v2\/comments?post=78"}],"version-history":[{"count":34,"href":"https:\/\/comalamaison03-appli.fr\/JeunesEuropeensLorraine\/wp-json\/wp\/v2\/pages\/78\/revisions"}],"predecessor-version":[{"id":409,"href":"https:\/\/comalamaison03-appli.fr\/JeunesEuropeensLorraine\/wp-json\/wp\/v2\/pages\/78\/revisions\/409"}],"wp:attachment":[{"href":"https:\/\/comalamaison03-appli.fr\/JeunesEuropeensLorraine\/wp-json\/wp\/v2\/media?parent=78"}],"curies":[{"name":"wp","href":"https:\/\/api.w.org\/{rel}","templated":true}]}}