{"id":301,"date":"2023-03-21T15:01:12","date_gmt":"2023-03-21T14:01:12","guid":{"rendered":"https:\/\/comalamaison03-appli.fr\/JeunesEuropeensLorraine\/?page_id=301"},"modified":"2023-03-21T15:06:44","modified_gmt":"2023-03-21T14:06:44","slug":"eurocosmos","status":"publish","type":"page","link":"https:\/\/comalamaison03-appli.fr\/JeunesEuropeensLorraine\/eurocosmos\/","title":{"rendered":"Eurocosmos"},"content":{"rendered":"\t\t<div data-elementor-type=\"wp-page\" data-elementor-id=\"301\" class=\"elementor elementor-301\">\n\t\t\t\t\t\t\t\t\t<section class=\"elementor-section elementor-top-section elementor-element elementor-element-27d84ab3 elementor-section-boxed elementor-section-height-default elementor-section-height-default\" data-id=\"27d84ab3\" data-element_type=\"section\">\n\t\t\t\t\t\t<div class=\"elementor-container elementor-column-gap-default\">\n\t\t\t\t\t<div class=\"elementor-column elementor-col-100 elementor-top-column elementor-element elementor-element-7e6321c2\" data-id=\"7e6321c2\" data-element_type=\"column\">\n\t\t\t<div class=\"elementor-widget-wrap elementor-element-populated\">\n\t\t\t\t\t\t\t\t<div class=\"elementor-element elementor-element-7e973333 elementor-widget elementor-widget-heading\" data-id=\"7e973333\" data-element_type=\"widget\" data-widget_type=\"heading.default\">\n\t\t\t\t<div class=\"elementor-widget-container\">\n\t\t\t<h2 class=\"elementor-heading-title elementor-size-default\">Eurocosmos<\/h2>\t\t<\/div>\n\t\t\t\t<\/div>\n\t\t\t\t<div class=\"elementor-element elementor-element-7e7c61c2 elementor-widget-divider--view-line elementor-widget elementor-widget-divider\" data-id=\"7e7c61c2\" data-element_type=\"widget\" data-widget_type=\"divider.default\">\n\t\t\t\t<div class=\"elementor-widget-container\">\n\t\t\t\t\t<div class=\"elementor-divider\">\n\t\t\t<span class=\"elementor-divider-separator\">\n\t\t\t\t\t\t<\/span>\n\t\t<\/div>\n\t\t\t\t<\/div>\n\t\t\t\t<\/div>\n\t\t\t\t\t<\/div>\n\t\t<\/div>\n\t\t\t\t\t\t\t<\/div>\n\t\t<\/section>\n\t\t\t\t<section class=\"elementor-section elementor-top-section elementor-element elementor-element-2f1451bb elementor-section-boxed elementor-section-height-default elementor-section-height-default\" data-id=\"2f1451bb\" data-element_type=\"section\">\n\t\t\t\t\t\t<div class=\"elementor-container elementor-column-gap-wider\">\n\t\t\t\t\t<div class=\"elementor-column elementor-col-50 elementor-top-column elementor-element elementor-element-1cad84d3\" data-id=\"1cad84d3\" data-element_type=\"column\">\n\t\t\t<div class=\"elementor-widget-wrap elementor-element-populated\">\n\t\t\t\t\t\t\t\t<div class=\"elementor-element elementor-element-4f6104ea elementor-widget elementor-widget-text-editor\" data-id=\"4f6104ea\" data-element_type=\"widget\" data-widget_type=\"text-editor.default\">\n\t\t\t\t<div class=\"elementor-widget-container\">\n\t\t\t\t\t\t\t<p>Le projet \u201cEurocosmos\u201d est une <strong>grande simulation du triangle institutionnel europ\u00e9en<\/strong>, avec la Commission europ\u00e9enne, le Conseil de l\u2019UE et le Parlement europ\u00e9en qui se tient tous les ans \u00e0 Nancy. Il est organis\u00e9 en collaboration avec le campus europ\u00e9en de <strong>Sciences Po. <\/strong>L\u2019objectif d\u2019une telle simulation est avant tout de promouvoir l&rsquo;engagement des jeunes et de leur permettre de d\u00e9couvrir, en l&rsquo;exp\u00e9rimentant, le fonctionnement des institutions de l&rsquo;UE.<\/p><p>Il y a <strong>156 places<\/strong>, et les participants peuvent s\u2019inscrire soit en tant que <strong>d\u00e9put\u00e9 <\/strong>du Parlement europ\u00e9en, soit en tant que <strong>ministre <\/strong>du Conseil de l\u2019UE, la Commission europ\u00e9enne \u00e9tant repr\u00e9sent\u00e9e par des membres de l\u2019organisation qui auront r\u00e9dig\u00e9 en amont les diff\u00e9rentes propositions de directives. Ces directives porteront sur <strong>trois sujets diff\u00e9rents<\/strong>, et les participants auront la possibilit\u00e9 de choisir, au moment de leur inscription, sur lequel ils veulent travailler au sein de leur commission.<\/p><p>Lors de l\u2019\u00e9dition 2023, les trois th\u00e9matiques propos\u00e9es sont les suivantes :<\/p><ul><li>L\u2019Europe de la d\u00e9fense<\/li><li>La souverainet\u00e9 \u00e9nerg\u00e9tique europ\u00e9enne<\/li><li>La l\u00e9gislation des fronti\u00e8res europ\u00e9ennes<\/li><\/ul><p>L&rsquo;\u00e9v\u00e9nement d\u00e9bute le vendredi soir par une <strong>c\u00e9r\u00e9monie d&rsquo;ouverture <\/strong>au cours de laquelle les participants ont l\u2019occasion d\u2019\u00e9changer lors d\u2019une table ronde avec des politiques et experts europ\u00e9ens. Le samedi, les participants sont ensuite r\u00e9partis au sein de leurs commissions \/ formations respectives afin de d\u00e9battre et <strong>d\u2019amender <\/strong>les propositions de directives qui leur auront \u00e9t\u00e9 soumises.\u00a0 Le dimanche, se tient le vote final dans le cadre d\u2019une <strong>session pl\u00e9ni\u00e8re<\/strong> pr\u00e9sid\u00e9e par un.e eurod\u00e9put\u00e9.e.<\/p><p>L\u2019\u00e9dition 2023 d\u2019Eurocosmos a lieu du <strong>14 au 16 avril<\/strong>, n\u2019h\u00e9sitez pas \u00e0 vous y inscrire via le lien suivant :<br \/><a href=\"https:\/\/www.helloasso.com\/associations\/jeunes-europeens-lorraine\/evenements\/eurocosmos-2023\" target=\"_blank\" rel=\"noopener\">https:\/\/www.helloasso.com\/associations\/jeunes-europeens-lorraine\/evenements\/eurocosmos-2023<\/a> !<\/p>\t\t\t\t\t\t<\/div>\n\t\t\t\t<\/div>\n\t\t\t\t\t<\/div>\n\t\t<\/div>\n\t\t\t\t<div class=\"elementor-column elementor-col-50 elementor-top-column elementor-element elementor-element-40d9a8bf\" data-id=\"40d9a8bf\" data-element_type=\"column\">\n\t\t\t<div class=\"elementor-widget-wrap elementor-element-populated\">\n\t\t\t\t\t\t\t\t<div class=\"elementor-element elementor-element-188b29a0 elementor-widget elementor-widget-image\" data-id=\"188b29a0\" data-element_type=\"widget\" data-widget_type=\"image.default\">\n\t\t\t\t<div class=\"elementor-widget-container\">\n\t\t\t\t\t\t\t\t\t\t\t\t\t\t\t\t<a href=\"\" target=\"_blank\">\n\t\t\t\t\t\t\t<img loading=\"lazy\" decoding=\"async\" width=\"1024\" height=\"504\" src=\"https:\/\/comalamaison03-appli.fr\/JeunesEuropeensLorraine\/wp-content\/uploads\/2023\/03\/Eurocosmos-1024x504.png\" class=\"attachment-large size-large wp-image-305\" alt=\"\" srcset=\"https:\/\/comalamaison03-appli.fr\/JeunesEuropeensLorraine\/wp-content\/uploads\/2023\/03\/Eurocosmos-1024x504.png 1024w, https:\/\/comalamaison03-appli.fr\/JeunesEuropeensLorraine\/wp-content\/uploads\/2023\/03\/Eurocosmos-300x148.png 300w, https:\/\/comalamaison03-appli.fr\/JeunesEuropeensLorraine\/wp-content\/uploads\/2023\/03\/Eurocosmos-768x378.png 768w, https:\/\/comalamaison03-appli.fr\/JeunesEuropeensLorraine\/wp-content\/uploads\/2023\/03\/Eurocosmos.png 1500w\" sizes=\"auto, (max-width: 1024px) 100vw, 1024px\" \/>\t\t\t\t\t\t\t\t<\/a>\n\t\t\t\t\t\t\t\t\t\t\t\t\t\t\t<\/div>\n\t\t\t\t<\/div>\n\t\t\t\t\t<\/div>\n\t\t<\/div>\n\t\t\t\t\t\t\t<\/div>\n\t\t<\/section>\n\t\t\t\t\t\t\t<\/div>\n\t\t","protected":false},"excerpt":{"rendered":"<p>Eurocosmos Le projet \u201cEurocosmos\u201d est une grande simulation du triangle institutionnel europ\u00e9en, avec la Commission europ\u00e9enne, le Conseil de l\u2019UE et le Parlement europ\u00e9en qui se tient tous les ans \u00e0 Nancy. Il est organis\u00e9 en collaboration avec le campus europ\u00e9en de Sciences Po. L\u2019objectif d\u2019une telle simulation est avant tout de promouvoir l&rsquo;engagement des&hellip;<\/p>\n","protected":false},"author":1,"featured_media":0,"parent":0,"menu_order":0,"comment_status":"closed","ping_status":"closed","template":"","meta":{"footnotes":""},"class_list":["post-301","page","type-page","status-publish","hentry"],"_links":{"self":[{"href":"https:\/\/comalamaison03-appli.fr\/JeunesEuropeensLorraine\/wp-json\/wp\/v2\/pages\/301","targetHints":{"allow":["GET"]}}],"collection":[{"href":"https:\/\/comalamaison03-appli.fr\/JeunesEuropeensLorraine\/wp-json\/wp\/v2\/pages"}],"about":[{"href":"https:\/\/comalamaison03-appli.fr\/JeunesEuropeensLorraine\/wp-json\/wp\/v2\/types\/page"}],"author":[{"embeddable":true,"href":"https:\/\/comalamaison03-appli.fr\/JeunesEuropeensLorraine\/wp-json\/wp\/v2\/users\/1"}],"replies":[{"embeddable":true,"href":"https:\/\/comalamaison03-appli.fr\/JeunesEuropeensLorraine\/wp-json\/wp\/v2\/comments?post=301"}],"version-history":[{"count":7,"href":"https:\/\/comalamaison03-appli.fr\/JeunesEuropeensLorraine\/wp-json\/wp\/v2\/pages\/301\/revisions"}],"predecessor-version":[{"id":311,"href":"https:\/\/comalamaison03-appli.fr\/JeunesEuropeensLorraine\/wp-json\/wp\/v2\/pages\/301\/revisions\/311"}],"wp:attachment":[{"href":"https:\/\/comalamaison03-appli.fr\/JeunesEuropeensLorraine\/wp-json\/wp\/v2\/media?parent=301"}],"curies":[{"name":"wp","href":"https:\/\/api.w.org\/{rel}","templated":true}]}}