{"id":116,"date":"2023-02-14T11:31:35","date_gmt":"2023-02-14T10:31:35","guid":{"rendered":"https:\/\/comalamaison03-appli.fr\/JeunesEuropeensLorraine\/?page_id=116"},"modified":"2023-04-19T15:01:22","modified_gmt":"2023-04-19T13:01:22","slug":"adherer-aux-jeunes-europeens","status":"publish","type":"page","link":"https:\/\/comalamaison03-appli.fr\/JeunesEuropeensLorraine\/adherer-aux-jeunes-europeens\/","title":{"rendered":"Adh\u00e9rer aux Jeunes Europ\u00e9ens"},"content":{"rendered":"\t\t<div data-elementor-type=\"wp-page\" data-elementor-id=\"116\" class=\"elementor elementor-116\">\n\t\t\t\t\t\t\t\t\t<section class=\"elementor-section elementor-top-section elementor-element elementor-element-23aa4ba3 elementor-section-boxed elementor-section-height-default elementor-section-height-default\" data-id=\"23aa4ba3\" data-element_type=\"section\">\n\t\t\t\t\t\t<div class=\"elementor-container elementor-column-gap-default\">\n\t\t\t\t\t<div class=\"elementor-column elementor-col-100 elementor-top-column elementor-element elementor-element-6019d3c2\" data-id=\"6019d3c2\" data-element_type=\"column\">\n\t\t\t<div class=\"elementor-widget-wrap elementor-element-populated\">\n\t\t\t\t\t\t\t\t<div class=\"elementor-element elementor-element-778d49e7 elementor-widget elementor-widget-heading\" data-id=\"778d49e7\" data-element_type=\"widget\" data-widget_type=\"heading.default\">\n\t\t\t\t<div class=\"elementor-widget-container\">\n\t\t\t<h2 class=\"elementor-heading-title elementor-size-default\">Adh\u00e9rer aux Jeunes Europ\u00e9ens<\/h2>\t\t<\/div>\n\t\t\t\t<\/div>\n\t\t\t\t<div class=\"elementor-element elementor-element-2191fd2a elementor-widget-divider--view-line elementor-widget elementor-widget-divider\" data-id=\"2191fd2a\" data-element_type=\"widget\" data-widget_type=\"divider.default\">\n\t\t\t\t<div class=\"elementor-widget-container\">\n\t\t\t\t\t<div class=\"elementor-divider\">\n\t\t\t<span class=\"elementor-divider-separator\">\n\t\t\t\t\t\t<\/span>\n\t\t<\/div>\n\t\t\t\t<\/div>\n\t\t\t\t<\/div>\n\t\t\t\t\t<\/div>\n\t\t<\/div>\n\t\t\t\t\t\t\t<\/div>\n\t\t<\/section>\n\t\t\t\t<section class=\"elementor-section elementor-top-section elementor-element elementor-element-7a98c229 elementor-section-boxed elementor-section-height-default elementor-section-height-default\" data-id=\"7a98c229\" data-element_type=\"section\">\n\t\t\t\t\t\t<div class=\"elementor-container elementor-column-gap-wider\">\n\t\t\t\t\t<div class=\"elementor-column elementor-col-50 elementor-top-column elementor-element elementor-element-724e3a7a\" data-id=\"724e3a7a\" data-element_type=\"column\">\n\t\t\t<div class=\"elementor-widget-wrap elementor-element-populated\">\n\t\t\t\t\t\t\t\t<div class=\"elementor-element elementor-element-3d445dbf elementor-widget elementor-widget-text-editor\" data-id=\"3d445dbf\" data-element_type=\"widget\" data-widget_type=\"text-editor.default\">\n\t\t\t\t<div class=\"elementor-widget-container\">\n\t\t\t\t\t\t\t<p>Tu as envie de devenir <strong>b\u00e9n\u00e9vole <\/strong>au sein de l\u2019association ? Alors rien de plus simple, tu peux adh\u00e9rer en ligne et devenir membre des Jeunes europ\u00e9ens &#8211; Lorraine en cliquant sur le lien suivant pour t\u2019inscrire :<\/p><p><a href=\"https:\/\/l.facebook.com\/l.php?u=https%3A%2F%2Fmouvement-europeen.eu%2Fadherer%2F%3Ffbclid%3DIwAR1P1xzGzHWtBAUVWLLZCIylsHF2sqoOK_lmeErqlIO-k5zgAXJFfPSK2X4&amp;h=AT0s9Pve4lMGFAM58-S5U3PSjc8ZKlIanL8zwoTBwqKV38ydd5EJAXHU44Lnl5KUr-M4C2aipynKReiKILlPvi5i81-JmCXhEFX1YiFr7Qama-BKWsbXkErHrXLqiFzGvl6_4bPxuzCRqwMxO8Bx&amp;__tn__=-U-UK-R&amp;c%5B0%5D=AT0WbWApUJYy410AntI-VPzwoBX-fNYX0SQl-Vr6yAO5ZisFpFxEqIyrHVeIP3oSohQovvwewG2HTiNkXJJ5Cq9-eFRQCRnL4RuFrJIDCYYy7EYigEUJgZVZQVY_99hy9mS3cpzPjDFVWNwcsVYkjjoQYLfVMoaOJ1bpTd2kKbnHAJFsacAyHoz8y0ec2AJAV9bvbq1ckfxyf51Ybnh9Et8GvoC8WgLzQcnMbz8l72tTpyPAYiGXpXgWY9zWTbJtAJu2JMBA7X2cXQUC8m1L1woSCSElQcSaWHGQaVmaaDO5Xqg\" target=\"_blank\" rel=\"noopener\"><strong>https:\/\/mouvement-europeen.eu\/adherer\/<\/strong><\/a><\/p>\t\t\t\t\t\t<\/div>\n\t\t\t\t<\/div>\n\t\t\t\t<div class=\"elementor-element elementor-element-1a12401 elementor-widget elementor-widget-text-editor\" data-id=\"1a12401\" data-element_type=\"widget\" data-widget_type=\"text-editor.default\">\n\t\t\t\t<div class=\"elementor-widget-container\">\n\t\t\t\t\t\t\t<p><strong>Attention <\/strong>\u00e0 bien s\u00e9lectionner que tu veux \u00eatre rattach\u00e9.e <br \/>aux <u>Jeunes Europ\u00e9ens<\/u> <em>(si tu as moins de 35 ans)<\/em>, <br \/>et \u00e0 bien s\u00e9lectionner la <u>section de Lorraine !<\/u><\/p>\t\t\t\t\t\t<\/div>\n\t\t\t\t<\/div>\n\t\t\t\t<div class=\"elementor-element elementor-element-f21cf45 elementor-widget elementor-widget-text-editor\" data-id=\"f21cf45\" data-element_type=\"widget\" data-widget_type=\"text-editor.default\">\n\t\t\t\t<div class=\"elementor-widget-container\">\n\t\t\t\t\t\t\t<p>Ta cotisation de 15\u20ac (30\u20ac pour les jeunes actifs) sera ensuite r\u00e9partie entre les diff\u00e9rents niveaux de l\u2019association pour financer \u00e0 la fois les <strong>actions locales <\/strong>et la<strong> dynamique nationale<\/strong>. En effet, en adh\u00e9rant aux Jeunes Europ\u00e9ens &#8211; Lorraine, tu deviens \u00e9galement membre des <a href=\"https:\/\/www.jeunes-europeens.org\/\"><strong>Jeunes Europ\u00e9ens &#8211; France<\/strong><\/a> et par la m\u00eame occasion du <a href=\"https:\/\/mouvement-europeen.eu\/\"><strong>Mouvement Europ\u00e9en \u2013 France<\/strong><\/a>, premier r\u00e9seau fran\u00e7ais de militants europ\u00e9ens et association s\u0153ur des Jeunes Europ\u00e9ens !<\/p><p>Une fois ton inscription finalis\u00e9e, on reviendra ensuite rapidement vers toi pour te communiquer l\u2019ensemble des informations n\u00e9cessaires et t\u2019int\u00e9grer dans les diff\u00e9rents espaces de discussion de l\u2019association pour que tu sois au courant de tous les \u00e9v\u00e8nements qui s\u2019y passent !<\/p>\t\t\t\t\t\t<\/div>\n\t\t\t\t<\/div>\n\t\t\t\t\t<\/div>\n\t\t<\/div>\n\t\t\t\t<div class=\"elementor-column elementor-col-50 elementor-top-column elementor-element elementor-element-7fdad1b2\" data-id=\"7fdad1b2\" data-element_type=\"column\">\n\t\t\t<div class=\"elementor-widget-wrap elementor-element-populated\">\n\t\t\t\t\t\t\t\t<div class=\"elementor-element elementor-element-6ca10bf elementor-pagination-position-outside elementor-widget elementor-widget-image-carousel\" data-id=\"6ca10bf\" data-element_type=\"widget\" data-settings=\"{&quot;slides_to_show&quot;:&quot;1&quot;,&quot;navigation&quot;:&quot;dots&quot;,&quot;autoplay&quot;:&quot;yes&quot;,&quot;pause_on_hover&quot;:&quot;yes&quot;,&quot;pause_on_interaction&quot;:&quot;yes&quot;,&quot;autoplay_speed&quot;:5000,&quot;infinite&quot;:&quot;yes&quot;,&quot;effect&quot;:&quot;slide&quot;,&quot;speed&quot;:500}\" data-widget_type=\"image-carousel.default\">\n\t\t\t\t<div class=\"elementor-widget-container\">\n\t\t\t\t\t<div class=\"elementor-image-carousel-wrapper swiper-container\" dir=\"ltr\">\n\t\t\t<div class=\"elementor-image-carousel swiper-wrapper\">\n\t\t\t\t\t\t\t\t<div class=\"swiper-slide\"><figure class=\"swiper-slide-inner\"><img decoding=\"async\" class=\"swiper-slide-image\" src=\"https:\/\/comalamaison03-appli.fr\/JeunesEuropeensLorraine\/wp-content\/uploads\/2023\/03\/Slide1.png\" alt=\"Slide1\" \/><\/figure><\/div><div class=\"swiper-slide\"><figure class=\"swiper-slide-inner\"><img decoding=\"async\" class=\"swiper-slide-image\" src=\"https:\/\/comalamaison03-appli.fr\/JeunesEuropeensLorraine\/wp-content\/uploads\/2023\/03\/Slide2.png\" alt=\"Slide2\" \/><\/figure><\/div><div class=\"swiper-slide\"><figure class=\"swiper-slide-inner\"><img decoding=\"async\" class=\"swiper-slide-image\" src=\"https:\/\/comalamaison03-appli.fr\/JeunesEuropeensLorraine\/wp-content\/uploads\/2023\/03\/Slide3.png\" alt=\"Slide3\" \/><\/figure><\/div><div class=\"swiper-slide\"><figure class=\"swiper-slide-inner\"><img decoding=\"async\" class=\"swiper-slide-image\" src=\"https:\/\/comalamaison03-appli.fr\/JeunesEuropeensLorraine\/wp-content\/uploads\/2023\/03\/Slide4.png\" alt=\"Slide4\" \/><\/figure><\/div><div class=\"swiper-slide\"><figure class=\"swiper-slide-inner\"><img decoding=\"async\" class=\"swiper-slide-image\" src=\"https:\/\/comalamaison03-appli.fr\/JeunesEuropeensLorraine\/wp-content\/uploads\/2023\/03\/Slide5.png\" alt=\"Slide5\" \/><\/figure><\/div><div class=\"swiper-slide\"><figure class=\"swiper-slide-inner\"><img decoding=\"async\" class=\"swiper-slide-image\" src=\"https:\/\/comalamaison03-appli.fr\/JeunesEuropeensLorraine\/wp-content\/uploads\/2023\/03\/Slide6.png\" alt=\"Slide6\" \/><\/figure><\/div>\t\t\t<\/div>\n\t\t\t\t\t\t\t\t\t\t\t\t<div class=\"swiper-pagination\"><\/div>\n\t\t\t\t\t\t\t\t\t\t\t\t\t<\/div>\n\t\t\t\t<\/div>\n\t\t\t\t<\/div>\n\t\t\t\t\t<\/div>\n\t\t<\/div>\n\t\t\t\t\t\t\t<\/div>\n\t\t<\/section>\n\t\t\t\t<section class=\"elementor-section elementor-top-section elementor-element elementor-element-0517287 elementor-section-boxed elementor-section-height-default elementor-section-height-default\" data-id=\"0517287\" data-element_type=\"section\">\n\t\t\t\t\t\t<div class=\"elementor-container elementor-column-gap-default\">\n\t\t\t\t\t<div class=\"elementor-column elementor-col-50 elementor-top-column elementor-element elementor-element-265063b\" data-id=\"265063b\" data-element_type=\"column\">\n\t\t\t<div class=\"elementor-widget-wrap elementor-element-populated\">\n\t\t\t\t\t\t\t\t<div class=\"elementor-element elementor-element-c51780c elementor-widget elementor-widget-heading\" data-id=\"c51780c\" data-element_type=\"widget\" data-widget_type=\"heading.default\">\n\t\t\t\t<div class=\"elementor-widget-container\">\n\t\t\t<h3 class=\"elementor-heading-title elementor-size-default\">Quel engagement pour moi aux Jeunes europ\u00e9ens - Lorraine ? <\/h3>\t\t<\/div>\n\t\t\t\t<\/div>\n\t\t\t\t<div class=\"elementor-element elementor-element-934257d elementor-widget elementor-widget-text-editor\" data-id=\"934257d\" data-element_type=\"widget\" data-widget_type=\"text-editor.default\">\n\t\t\t\t<div class=\"elementor-widget-container\">\n\t\t\t\t\t\t\t<p>C\u2019est toi qui est <strong>ma\u00eetre de ton engagement<\/strong>, cela reste avant tout un engagement b\u00e9n\u00e9vole, et tu dois donc y prendre du <strong>plaisir <\/strong>! Tu es libre de t\u2019engager librement en fonction de ton <strong>temps<\/strong>, ce peut \u00eatre de mani\u00e8re plus ou moins r\u00e9guli\u00e8re, sur des \u00e9v\u00e8nements plus ou moins ponctuels, l\u2019important \u00e9tant que tu y trouves ton compte. Il y a en effet diff\u00e9rents niveaux d\u2019engagement au sein de l\u2019association, et tu peux d\u00e9cider d\u2019y aider en tant que <strong>b\u00e9n\u00e9voles<\/strong>, ou bien vouloir endosser plus de responsabilit\u00e9s en rejoignant le <strong>Conseil d\u2019administration<\/strong>.<\/p><p>Tu pourras aussi choisir tes engagements au sein de l\u2019association en fonction de tes <strong>centres d\u2019int\u00e9r\u00eats<\/strong> et tes envies. Est-ce d\u2019\u00eatre au contact de jeunes et faire de la <strong>sensibilisation <\/strong>\u00e0 l\u2019UE ? Alors dans ce cas, les <a href=\"https:\/\/www.europeparlesjeunes.fr\/\" target=\"_blank\" rel=\"noopener\"><strong>EPJ <\/strong><\/a>dans des classes sont faites pour toi ! Ou bien as-tu plut\u00f4t la fibre <strong>journalistique<\/strong>, et \u00e7a te dirait d\u2019\u00e9crire sur des sujets europ\u00e9ens ? Le <a href=\"https:\/\/www.taurillon.org\/\" target=\"_blank\" rel=\"noopener\"><strong>Taurillon <\/strong><\/a>(Grand Est) n\u2019attend donc que toi ! Ton truc c\u2019est plut\u00f4t les <strong>actions militantes<\/strong>, et convaincre les citoyens d\u2019aller voter, alors prend part \u00e0 nos <strong>actions de rue<\/strong> ! Tu pr\u00e9f\u00e8res davantage \u00eatre en lien avec les \u00e9lus locaux pour inciter leur engagement europ\u00e9en, alors donne de ton temps au d\u00e9veloppement du <a href=\"https:\/\/www.ville-europeenne.org\/\" target=\"_blank\" rel=\"noopener\"><strong>label ville europ\u00e9enne<\/strong><\/a> en Lorraine !<\/p><p>Bref, les possibilit\u00e9s sont vastes, \u00e0 toi de faire tes choix : on a tr\u00e8s h\u00e2te en tout cas de te voir aux Jeunes europ\u00e9ens Lorraine ! <\/p>\t\t\t\t\t\t<\/div>\n\t\t\t\t<\/div>\n\t\t\t\t\t<\/div>\n\t\t<\/div>\n\t\t\t\t<div class=\"elementor-column elementor-col-50 elementor-top-column elementor-element elementor-element-6096bcb\" data-id=\"6096bcb\" data-element_type=\"column\">\n\t\t\t<div class=\"elementor-widget-wrap\">\n\t\t\t\t\t\t\t\t\t<\/div>\n\t\t<\/div>\n\t\t\t\t\t\t\t<\/div>\n\t\t<\/section>\n\t\t\t\t\t\t\t<\/div>\n\t\t","protected":false},"excerpt":{"rendered":"<p>Adh\u00e9rer aux Jeunes Europ\u00e9ens Tu as envie de devenir b\u00e9n\u00e9vole au sein de l\u2019association ? Alors rien de plus simple, tu peux adh\u00e9rer en ligne et devenir membre des Jeunes europ\u00e9ens &#8211; Lorraine en cliquant sur le lien suivant pour t\u2019inscrire : https:\/\/mouvement-europeen.eu\/adherer\/ Attention \u00e0 bien s\u00e9lectionner que tu veux \u00eatre rattach\u00e9.e aux Jeunes Europ\u00e9ens&hellip;<\/p>\n","protected":false},"author":1,"featured_media":0,"parent":0,"menu_order":0,"comment_status":"closed","ping_status":"closed","template":"","meta":{"footnotes":""},"class_list":["post-116","page","type-page","status-publish","hentry"],"_links":{"self":[{"href":"https:\/\/comalamaison03-appli.fr\/JeunesEuropeensLorraine\/wp-json\/wp\/v2\/pages\/116","targetHints":{"allow":["GET"]}}],"collection":[{"href":"https:\/\/comalamaison03-appli.fr\/JeunesEuropeensLorraine\/wp-json\/wp\/v2\/pages"}],"about":[{"href":"https:\/\/comalamaison03-appli.fr\/JeunesEuropeensLorraine\/wp-json\/wp\/v2\/types\/page"}],"author":[{"embeddable":true,"href":"https:\/\/comalamaison03-appli.fr\/JeunesEuropeensLorraine\/wp-json\/wp\/v2\/users\/1"}],"replies":[{"embeddable":true,"href":"https:\/\/comalamaison03-appli.fr\/JeunesEuropeensLorraine\/wp-json\/wp\/v2\/comments?post=116"}],"version-history":[{"count":17,"href":"https:\/\/comalamaison03-appli.fr\/JeunesEuropeensLorraine\/wp-json\/wp\/v2\/pages\/116\/revisions"}],"predecessor-version":[{"id":508,"href":"https:\/\/comalamaison03-appli.fr\/JeunesEuropeensLorraine\/wp-json\/wp\/v2\/pages\/116\/revisions\/508"}],"wp:attachment":[{"href":"https:\/\/comalamaison03-appli.fr\/JeunesEuropeensLorraine\/wp-json\/wp\/v2\/media?parent=116"}],"curies":[{"name":"wp","href":"https:\/\/api.w.org\/{rel}","templated":true}]}}