{"id":104,"date":"2023-02-14T11:29:16","date_gmt":"2023-02-14T10:29:16","guid":{"rendered":"https:\/\/comalamaison03-appli.fr\/JeunesEuropeensLorraine\/?page_id=104"},"modified":"2023-03-21T14:33:37","modified_gmt":"2023-03-21T13:33:37","slug":"le-programme-leurope-par-les-jeunes","status":"publish","type":"page","link":"https:\/\/comalamaison03-appli.fr\/JeunesEuropeensLorraine\/le-programme-leurope-par-les-jeunes\/","title":{"rendered":"Le programme \u00ab\u00a0l\u2019Europe par les Jeunes\u00a0\u00bb"},"content":{"rendered":"\t\t<div data-elementor-type=\"wp-page\" data-elementor-id=\"104\" class=\"elementor elementor-104\">\n\t\t\t\t\t\t\t\t\t<section class=\"elementor-section elementor-top-section elementor-element elementor-element-4400041 elementor-section-boxed elementor-section-height-default elementor-section-height-default\" data-id=\"4400041\" data-element_type=\"section\">\n\t\t\t\t\t\t<div class=\"elementor-container elementor-column-gap-default\">\n\t\t\t\t\t<div class=\"elementor-column elementor-col-100 elementor-top-column elementor-element elementor-element-2bb69f8b\" data-id=\"2bb69f8b\" data-element_type=\"column\">\n\t\t\t<div class=\"elementor-widget-wrap elementor-element-populated\">\n\t\t\t\t\t\t\t\t<div class=\"elementor-element elementor-element-6731f0a7 elementor-widget elementor-widget-heading\" data-id=\"6731f0a7\" data-element_type=\"widget\" data-widget_type=\"heading.default\">\n\t\t\t\t<div class=\"elementor-widget-container\">\n\t\t\t<h2 class=\"elementor-heading-title elementor-size-default\">L\u2019Europe par les jeunes<\/h2>\t\t<\/div>\n\t\t\t\t<\/div>\n\t\t\t\t<div class=\"elementor-element elementor-element-b659852 elementor-widget-divider--view-line elementor-widget elementor-widget-divider\" data-id=\"b659852\" data-element_type=\"widget\" data-widget_type=\"divider.default\">\n\t\t\t\t<div class=\"elementor-widget-container\">\n\t\t\t\t\t<div class=\"elementor-divider\">\n\t\t\t<span class=\"elementor-divider-separator\">\n\t\t\t\t\t\t<\/span>\n\t\t<\/div>\n\t\t\t\t<\/div>\n\t\t\t\t<\/div>\n\t\t\t\t\t<\/div>\n\t\t<\/div>\n\t\t\t\t\t\t\t<\/div>\n\t\t<\/section>\n\t\t\t\t<section class=\"elementor-section elementor-top-section elementor-element elementor-element-6e3303b4 elementor-section-boxed elementor-section-height-default elementor-section-height-default\" data-id=\"6e3303b4\" data-element_type=\"section\">\n\t\t\t\t\t\t<div class=\"elementor-container elementor-column-gap-wider\">\n\t\t\t\t\t<div class=\"elementor-column elementor-col-50 elementor-top-column elementor-element elementor-element-63da6744\" data-id=\"63da6744\" data-element_type=\"column\">\n\t\t\t<div class=\"elementor-widget-wrap elementor-element-populated\">\n\t\t\t\t\t\t\t\t<div class=\"elementor-element elementor-element-6c65c594 elementor-widget elementor-widget-text-editor\" data-id=\"6c65c594\" data-element_type=\"widget\" data-widget_type=\"text-editor.default\">\n\t\t\t\t<div class=\"elementor-widget-container\">\n\t\t\t\t\t\t\t<p>Le programme \u201c<a href=\"https:\/\/www.europeparlesjeunes.fr\/\">l\u2019Europe par les Jeunes<\/a>\u201d (EPJ) est un des piliers essentiels des actions de notre association, tant la <strong>p\u00e9dagogie <\/strong>est au c\u0153ur de celle-ci.<\/p><p>En effet, avec ce programme, l\u2019association intervient dans tous les lieux d\u2019\u00e9ducation pour <strong>sensibiliser <\/strong>et transmettre \u00e0 un maximum de jeunes les <strong>cl\u00e9s de la citoyennet\u00e9 europ\u00e9enne.<\/strong> Primaire, coll\u00e8ge, lyc\u00e9e, CFA ou encore structures de jeunesse, centres de loisirs et centres sociaux, les Jeunes Europ\u00e9ens <strong>s\u2019adressent \u00e0 tous les publics<\/strong>. En effet, nos b\u00e9n\u00e9voles <strong>adaptent le contenu de leurs interventions<\/strong> selon le niveau des \u00e9l\u00e8ves ou \u00e0 la demande des professeurs et\/ou \u00e9ducateurs. Les lieux et formats d\u2019intervention sont donc multiples et \u00e9voluent constamment, selon vos besoins !<\/p><p>Nous avons \u00e0 c\u0153ur de <strong>casser les codes d\u2019une classe formelle<\/strong> et privil\u00e9gier <strong>l\u2019\u00e9change <\/strong>avec les jeunes et le <strong>d\u00e9bat <\/strong>entre ces derniers. Pour cela, nous nous appuyons sur des <strong>outils p\u00e9dagogiques vari\u00e9s<\/strong> <em>(carte g\u00e9ante, timeline europ\u00e9en, euroquiz, etc\u2026) <\/em>et surtout nous abordons avec les jeunes les sujets qui leur tiennent \u00e0 c\u0153ur : histoire et g\u00e9ographie de l\u2019Union, ses valeurs, ses symboles, ou encore le fonctionnement de ses institutions et la mobilit\u00e9 de ses citoyens.<\/p><p><strong>Cela vous int\u00e9resse, et vous souhaiteriez que les b\u00e9n\u00e9voles des Jeunes europ\u00e9ens Lorraine interviennent dans votre structure \/ \u00e9tablissement ?<\/strong> Alors n\u2019h\u00e9sitez pas \u00e0 prendre tout de suite contact avec nous \u00e0 l\u2019adresse suivante :\u00a0 <a href=\"mailto:lorraine@jeunes-europeens.org\">lorraine@jeunes-europeens.org<\/a> !<\/p>\t\t\t\t\t\t<\/div>\n\t\t\t\t<\/div>\n\t\t\t\t\t<\/div>\n\t\t<\/div>\n\t\t\t\t<div class=\"elementor-column elementor-col-50 elementor-top-column elementor-element elementor-element-b231a55\" data-id=\"b231a55\" data-element_type=\"column\">\n\t\t\t<div class=\"elementor-widget-wrap elementor-element-populated\">\n\t\t\t\t\t\t\t\t<div class=\"elementor-element elementor-element-52df6a6 elementor-widget elementor-widget-image\" data-id=\"52df6a6\" data-element_type=\"widget\" data-widget_type=\"image.default\">\n\t\t\t\t<div class=\"elementor-widget-container\">\n\t\t\t\t\t\t\t\t\t\t\t\t\t\t\t\t<a href=\"https:\/\/comalamaison03-appli.fr\/JeunesEuropeensLorraine\/wp-content\/uploads\/2023\/03\/Actions1.jpg\" data-elementor-open-lightbox=\"yes\" data-e-action-hash=\"#elementor-action%3Aaction%3Dlightbox%26settings%3DeyJpZCI6MjQ1LCJ1cmwiOiJodHRwczpcL1wvY29tYWxhbWFpc29uMDMtYXBwbGkuZnJcL0pldW5lc0V1cm9wZWVuc0xvcnJhaW5lXC93cC1jb250ZW50XC91cGxvYWRzXC8yMDIzXC8wM1wvQWN0aW9uczEuanBnIn0%3D\">\n\t\t\t\t\t\t\t<img loading=\"lazy\" decoding=\"async\" width=\"1024\" height=\"461\" src=\"https:\/\/comalamaison03-appli.fr\/JeunesEuropeensLorraine\/wp-content\/uploads\/2023\/03\/Actions1-1024x461.jpg\" class=\"attachment-large size-large wp-image-245\" alt=\"\" srcset=\"https:\/\/comalamaison03-appli.fr\/JeunesEuropeensLorraine\/wp-content\/uploads\/2023\/03\/Actions1-1024x461.jpg 1024w, https:\/\/comalamaison03-appli.fr\/JeunesEuropeensLorraine\/wp-content\/uploads\/2023\/03\/Actions1-300x135.jpg 300w, https:\/\/comalamaison03-appli.fr\/JeunesEuropeensLorraine\/wp-content\/uploads\/2023\/03\/Actions1-768x346.jpg 768w, https:\/\/comalamaison03-appli.fr\/JeunesEuropeensLorraine\/wp-content\/uploads\/2023\/03\/Actions1-1536x691.jpg 1536w, https:\/\/comalamaison03-appli.fr\/JeunesEuropeensLorraine\/wp-content\/uploads\/2023\/03\/Actions1.jpg 1640w\" sizes=\"auto, (max-width: 1024px) 100vw, 1024px\" \/>\t\t\t\t\t\t\t\t<\/a>\n\t\t\t\t\t\t\t\t\t\t\t\t\t\t\t<\/div>\n\t\t\t\t<\/div>\n\t\t\t\t<div class=\"elementor-element elementor-element-d01c021 elementor-widget elementor-widget-text-editor\" data-id=\"d01c021\" data-element_type=\"widget\" data-widget_type=\"text-editor.default\">\n\t\t\t\t<div class=\"elementor-widget-container\">\n\t\t\t\t\t\t\t<p><strong>Faire une \u201cEPJ\u201d, ce n\u2019est pas d\u00e9livrer un cours<\/strong><\/p>\t\t\t\t\t\t<\/div>\n\t\t\t\t<\/div>\n\t\t\t\t<div class=\"elementor-element elementor-element-d0bf56d elementor-widget elementor-widget-image\" data-id=\"d0bf56d\" data-element_type=\"widget\" data-widget_type=\"image.default\">\n\t\t\t\t<div class=\"elementor-widget-container\">\n\t\t\t\t\t\t\t\t\t\t\t\t\t\t\t\t<a href=\"https:\/\/comalamaison03-appli.fr\/JeunesEuropeensLorraine\/wp-content\/uploads\/2023\/03\/Actions2.jpg\" data-elementor-open-lightbox=\"yes\" data-e-action-hash=\"#elementor-action%3Aaction%3Dlightbox%26settings%3DeyJpZCI6MjQ2LCJ1cmwiOiJodHRwczpcL1wvY29tYWxhbWFpc29uMDMtYXBwbGkuZnJcL0pldW5lc0V1cm9wZWVuc0xvcnJhaW5lXC93cC1jb250ZW50XC91cGxvYWRzXC8yMDIzXC8wM1wvQWN0aW9uczIuanBnIn0%3D\">\n\t\t\t\t\t\t\t<img loading=\"lazy\" decoding=\"async\" width=\"1024\" height=\"461\" src=\"https:\/\/comalamaison03-appli.fr\/JeunesEuropeensLorraine\/wp-content\/uploads\/2023\/03\/Actions2-1024x461.jpg\" class=\"attachment-large size-large wp-image-246\" alt=\"\" srcset=\"https:\/\/comalamaison03-appli.fr\/JeunesEuropeensLorraine\/wp-content\/uploads\/2023\/03\/Actions2-1024x461.jpg 1024w, https:\/\/comalamaison03-appli.fr\/JeunesEuropeensLorraine\/wp-content\/uploads\/2023\/03\/Actions2-300x135.jpg 300w, https:\/\/comalamaison03-appli.fr\/JeunesEuropeensLorraine\/wp-content\/uploads\/2023\/03\/Actions2-768x346.jpg 768w, https:\/\/comalamaison03-appli.fr\/JeunesEuropeensLorraine\/wp-content\/uploads\/2023\/03\/Actions2-1536x692.jpg 1536w, https:\/\/comalamaison03-appli.fr\/JeunesEuropeensLorraine\/wp-content\/uploads\/2023\/03\/Actions2.jpg 2048w\" sizes=\"auto, (max-width: 1024px) 100vw, 1024px\" \/>\t\t\t\t\t\t\t\t<\/a>\n\t\t\t\t\t\t\t\t\t\t\t\t\t\t\t<\/div>\n\t\t\t\t<\/div>\n\t\t\t\t\t<\/div>\n\t\t<\/div>\n\t\t\t\t\t\t\t<\/div>\n\t\t<\/section>\n\t\t\t\t\t\t\t<\/div>\n\t\t","protected":false},"excerpt":{"rendered":"<p>L\u2019Europe par les jeunes Le programme \u201cl\u2019Europe par les Jeunes\u201d (EPJ) est un des piliers essentiels des actions de notre association, tant la p\u00e9dagogie est au c\u0153ur de celle-ci. En effet, avec ce programme, l\u2019association intervient dans tous les lieux d\u2019\u00e9ducation pour sensibiliser et transmettre \u00e0 un maximum de jeunes les cl\u00e9s de la citoyennet\u00e9&hellip;<\/p>\n","protected":false},"author":1,"featured_media":0,"parent":0,"menu_order":0,"comment_status":"closed","ping_status":"closed","template":"","meta":{"footnotes":""},"class_list":["post-104","page","type-page","status-publish","hentry"],"_links":{"self":[{"href":"https:\/\/comalamaison03-appli.fr\/JeunesEuropeensLorraine\/wp-json\/wp\/v2\/pages\/104","targetHints":{"allow":["GET"]}}],"collection":[{"href":"https:\/\/comalamaison03-appli.fr\/JeunesEuropeensLorraine\/wp-json\/wp\/v2\/pages"}],"about":[{"href":"https:\/\/comalamaison03-appli.fr\/JeunesEuropeensLorraine\/wp-json\/wp\/v2\/types\/page"}],"author":[{"embeddable":true,"href":"https:\/\/comalamaison03-appli.fr\/JeunesEuropeensLorraine\/wp-json\/wp\/v2\/users\/1"}],"replies":[{"embeddable":true,"href":"https:\/\/comalamaison03-appli.fr\/JeunesEuropeensLorraine\/wp-json\/wp\/v2\/comments?post=104"}],"version-history":[{"count":4,"href":"https:\/\/comalamaison03-appli.fr\/JeunesEuropeensLorraine\/wp-json\/wp\/v2\/pages\/104\/revisions"}],"predecessor-version":[{"id":249,"href":"https:\/\/comalamaison03-appli.fr\/JeunesEuropeensLorraine\/wp-json\/wp\/v2\/pages\/104\/revisions\/249"}],"wp:attachment":[{"href":"https:\/\/comalamaison03-appli.fr\/JeunesEuropeensLorraine\/wp-json\/wp\/v2\/media?parent=104"}],"curies":[{"name":"wp","href":"https:\/\/api.w.org\/{rel}","templated":true}]}}